{"id":850,"date":"2026-03-11T10:40:42","date_gmt":"2026-03-11T13:40:42","guid":{"rendered":"https:\/\/embrevenoar.com.br\/eqp\/?page_id=850"},"modified":"2026-06-12T20:59:36","modified_gmt":"2026-06-12T23:59:36","slug":"lgpd","status":"publish","type":"page","link":"https:\/\/embrevenoar.com.br\/eqp\/lgpd\/","title":{"rendered":"LGPD"},"content":{"rendered":"\t\t<div data-elementor-type=\"wp-page\" data-elementor-id=\"850\" class=\"elementor elementor-850\" data-elementor-post-type=\"page\">\n\t\t\t\t<div class=\"elementor-element elementor-element-6c70d98 e-flex e-con-boxed e-con e-parent\" data-id=\"6c70d98\" data-element_type=\"container\" data-e-type=\"container\" data-settings=\"{&quot;background_background&quot;:&quot;classic&quot;}\">\n\t\t\t\t\t<div class=\"e-con-inner\">\n\t\t<div class=\"elementor-element elementor-element-5f4d297 e-con-full e-flex e-con e-child\" data-id=\"5f4d297\" data-element_type=\"container\" data-e-type=\"container\">\n\t\t\t\t<div class=\"elementor-element elementor-element-852bffb elementor-widget elementor-widget-heading\" data-id=\"852bffb\" data-element_type=\"widget\" data-e-type=\"widget\" data-widget_type=\"heading.default\">\n\t\t\t\t<div class=\"elementor-widget-container\">\n\t\t\t\t\t<h1 class=\"elementor-heading-title elementor-size-default\">LGPD, Privacidade e Termos de Uso<\/h1>\t\t\t\t<\/div>\n\t\t\t\t<\/div>\n\t\t\t\t<div class=\"elementor-element elementor-element-072a5fb elementor-widget-tablet__width-inherit scroll-bottom elementor-hidden-desktop elementor-hidden-laptop elementor-hidden-tablet elementor-hidden-mobile elementor-widget elementor-widget-text-editor\" data-id=\"072a5fb\" data-element_type=\"widget\" data-e-type=\"widget\" data-widget_type=\"text-editor.default\">\n\t\t\t\t<div class=\"elementor-widget-container\">\n\t\t\t\t\t\t\t\t\t<p>A EQP respeita a sua privacidade e est\u00e1 comprometida com a prote\u00e7\u00e3o de seus Dados Pessoais e com o cumprimento dos requisitos da Lei Geral de Prote\u00e7\u00e3o de Dados (Lei n\u00ba 13.709\/18). Esta pol\u00edtica de privacidade descreve como e por que coletamos e utilizamos os dados pessoais e como os titulares de dados exercem os seus direitos.<\/p><p>Solicitamos informa\u00e7\u00f5es pessoais apenas quando realmente precisamos delas para fornecer um servi\u00e7o. Fazemos por meios justos e legais, com o seu conhecimento e consentimento.<\/p><p>Apenas retemos as informa\u00e7\u00f5es coletadas pelo tempo necess\u00e1rio para fornecer o servi\u00e7o solicitado. Quando armazenamos dados, protegemos dentro de meios comercialmente aceit\u00e1veis para evitar perdas e roubos, bem como acesso, divulga\u00e7\u00e3o, c\u00f3pia, uso ou modifica\u00e7\u00e3o n\u00e3o autorizados.<\/p><p>N\u00e3o compartilhamos informa\u00e7\u00f5es de identifica\u00e7\u00e3o pessoal publicamente ou com terceiros, exceto quando exigido por lei. O nosso site pode ter links para sites externos que n\u00e3o s\u00e3o operados por n\u00f3s. Esteja ciente de que n\u00e3o temos controle sobre o conte\u00fado e pr\u00e1ticas desses sites e n\u00e3o podemos aceitar responsabilidade por suas respectivas pol\u00edticas de privacidade.<\/p><p>Voc\u00ea \u00e9 livre para recusar a nossa solicita\u00e7\u00e3o de informa\u00e7\u00f5es pessoais, entendendo que talvez n\u00e3o possamos fornecer alguns dos servi\u00e7os desejados.<\/p><p>O uso continuado de nosso site ser\u00e1 considerado como aceita\u00e7\u00e3o de nossas pr\u00e1ticas em torno de privacidade e informa\u00e7\u00f5es pessoais. Se voc\u00ea tiver alguma d\u00favida sobre como lidamos com dados do usu\u00e1rio e informa\u00e7\u00f5es pessoais, entre em contato conosco.<\/p><p>Esta pol\u00edtica de privacidade destina-se aos titulares de dados, sejam nossos clientes, p\u00fablico e terceiros em geral.<\/p>\t\t\t\t\t\t\t\t<\/div>\n\t\t\t\t<\/div>\n\t\t\t\t<div class=\"elementor-element elementor-element-6dda8f0 elementor-widget-tablet__width-inherit elementor-widget elementor-widget-text-editor\" data-id=\"6dda8f0\" data-element_type=\"widget\" data-e-type=\"widget\" data-widget_type=\"text-editor.default\">\n\t\t\t\t<div class=\"elementor-widget-container\">\n\t\t\t\t\t\t\t\t\t<h4 id=\"1-introduo\" class=\"font-editorial font-bold mb-2 mt-4 [.has-inline-images_&amp;]:clear-end text-lg first:mt-0 md:text-lg [hr+&amp;]:mt-4\">1. Introdu\u00e7\u00e3o<\/h4><p class=\"my-2 [&amp;+p]:mt-4 [&amp;_strong:has(+br)]:inline-block [&amp;_strong:has(+br)]:align-top\">A EQP respeita sua privacidade e trata dados pessoais com responsabilidade, transpar\u00eancia e seguran\u00e7a. Esta p\u00e1gina re\u00fane nossa Pol\u00edtica de Privacidade, diretrizes sobre cookies, termos de uso do site e o canal para solicita\u00e7\u00f5es relacionadas \u00e0 prote\u00e7\u00e3o de dados pessoais.<\/p><p>\u00a0<\/p><h4 id=\"2-identificao-da-empresa\" class=\"font-editorial font-bold mb-2 mt-4 [.has-inline-images_&amp;]:clear-end text-lg first:mt-0 md:text-lg [hr+&amp;]:mt-4\">2. Identifica\u00e7\u00e3o da empresa<\/h4><p class=\"my-2 [&amp;+p]:mt-4 [&amp;_strong:has(+br)]:inline-block [&amp;_strong:has(+br)]:align-top\">A EQP \u2014 Contracts Management Consulting \u00e9 a respons\u00e1vel pelo tratamento de dados pessoais realizado por meio deste site, de seus formul\u00e1rios e dos canais de contato disponibilizados. Quando aplic\u00e1vel, a EQP tamb\u00e9m atua como controladora dos dados informados por visitantes, clientes, parceiros e leads.<\/p><h5 id=\"dados-de-contato-da-empresa\" class=\"font-editorial font-bold mb-2 mt-4 [.has-inline-images_&amp;]:clear-end text-base first:mt-0\">Dados de contato da empresa<\/h5><ul class=\"marker:text-quiet list-disc pl-8\"><li class=\"py-0 my-0 prose-p:pt-0 prose-p:mb-2 prose-p:my-0 [&amp;&gt;p]:pt-0 [&amp;&gt;p]:mb-2 [&amp;&gt;p]:my-0\"><p class=\"my-2 [&amp;+p]:mt-4 [&amp;_strong:has(+br)]:inline-block [&amp;_strong:has(+br)]:align-top\"><strong>E-mail geral:<\/strong>\u00a0comercial@eqpcm.com<\/p><\/li><li class=\"py-0 my-0 prose-p:pt-0 prose-p:mb-2 prose-p:my-0 [&amp;&gt;p]:pt-0 [&amp;&gt;p]:mb-2 [&amp;&gt;p]:my-0\"><p class=\"my-2 [&amp;+p]:mt-4 [&amp;_strong:has(+br)]:inline-block [&amp;_strong:has(+br)]:align-top\"><strong>Canal LGPD \/ Privacidade:<\/strong>\u00a0privacidade@eqpcm.com<\/p><\/li><li class=\"py-0 my-0 prose-p:pt-0 prose-p:mb-2 prose-p:my-0 [&amp;&gt;p]:pt-0 [&amp;&gt;p]:mb-2 [&amp;&gt;p]:my-0\"><p class=\"my-2 [&amp;+p]:mt-4 [&amp;_strong:has(+br)]:inline-block [&amp;_strong:has(+br)]:align-top\"><strong>Endere\u00e7o:<\/strong>\u00a0conforme informado institucionalmente pela EQP em seu site e materiais oficiais.<\/p><\/li><\/ul><p>\u00a0<\/p><h4 id=\"3-dados-que-tratamos\" class=\"font-editorial font-bold mb-2 mt-4 [.has-inline-images_&amp;]:clear-end text-lg first:mt-0 md:text-lg [hr+&amp;]:mt-4\">3. Dados que tratamos<\/h4><p class=\"my-2 [&amp;+p]:mt-4 [&amp;_strong:has(+br)]:inline-block [&amp;_strong:has(+br)]:align-top\">A EQP pode tratar, conforme a intera\u00e7\u00e3o do titular com o site e com nossos canais, os seguintes dados pessoais:<\/p><ul class=\"marker:text-quiet list-disc pl-8\"><li class=\"py-0 my-0 prose-p:pt-0 prose-p:mb-2 prose-p:my-0 [&amp;&gt;p]:pt-0 [&amp;&gt;p]:mb-2 [&amp;&gt;p]:my-0\"><p class=\"my-2 [&amp;+p]:mt-4 [&amp;_strong:has(+br)]:inline-block [&amp;_strong:has(+br)]:align-top\">Nome completo.<\/p><\/li><li class=\"py-0 my-0 prose-p:pt-0 prose-p:mb-2 prose-p:my-0 [&amp;&gt;p]:pt-0 [&amp;&gt;p]:mb-2 [&amp;&gt;p]:my-0\"><p class=\"my-2 [&amp;+p]:mt-4 [&amp;_strong:has(+br)]:inline-block [&amp;_strong:has(+br)]:align-top\">E-mail.<\/p><\/li><li class=\"py-0 my-0 prose-p:pt-0 prose-p:mb-2 prose-p:my-0 [&amp;&gt;p]:pt-0 [&amp;&gt;p]:mb-2 [&amp;&gt;p]:my-0\"><p class=\"my-2 [&amp;+p]:mt-4 [&amp;_strong:has(+br)]:inline-block [&amp;_strong:has(+br)]:align-top\">Telefone.<\/p><\/li><li class=\"py-0 my-0 prose-p:pt-0 prose-p:mb-2 prose-p:my-0 [&amp;&gt;p]:pt-0 [&amp;&gt;p]:mb-2 [&amp;&gt;p]:my-0\"><p class=\"my-2 [&amp;+p]:mt-4 [&amp;_strong:has(+br)]:inline-block [&amp;_strong:has(+br)]:align-top\">Empresa e cargo.<\/p><\/li><li class=\"py-0 my-0 prose-p:pt-0 prose-p:mb-2 prose-p:my-0 [&amp;&gt;p]:pt-0 [&amp;&gt;p]:mb-2 [&amp;&gt;p]:my-0\"><p class=\"my-2 [&amp;+p]:mt-4 [&amp;_strong:has(+br)]:inline-block [&amp;_strong:has(+br)]:align-top\">Cidade, pa\u00eds e outras informa\u00e7\u00f5es profissionais fornecidas voluntariamente.<\/p><\/li><li class=\"py-0 my-0 prose-p:pt-0 prose-p:mb-2 prose-p:my-0 [&amp;&gt;p]:pt-0 [&amp;&gt;p]:mb-2 [&amp;&gt;p]:my-0\"><p class=\"my-2 [&amp;+p]:mt-4 [&amp;_strong:has(+br)]:inline-block [&amp;_strong:has(+br)]:align-top\">Mensagens enviadas em formul\u00e1rios, e-mails ou WhatsApp.<\/p><\/li><li class=\"py-0 my-0 prose-p:pt-0 prose-p:mb-2 prose-p:my-0 [&amp;&gt;p]:pt-0 [&amp;&gt;p]:mb-2 [&amp;&gt;p]:my-0\"><p class=\"my-2 [&amp;+p]:mt-4 [&amp;_strong:has(+br)]:inline-block [&amp;_strong:has(+br)]:align-top\">Dados de navega\u00e7\u00e3o, como IP, p\u00e1ginas acessadas, data, hora, dispositivo, navegador e cookies, quando aplic\u00e1vel.<\/p><\/li><\/ul><p class=\"my-2 [&amp;+p]:mt-4 [&amp;_strong:has(+br)]:inline-block [&amp;_strong:has(+br)]:align-top\">Em alguns casos, tamb\u00e9m podemos tratar informa\u00e7\u00f5es relacionadas \u00e0 contrata\u00e7\u00e3o de servi\u00e7os, relacionamento comercial, participa\u00e7\u00e3o em eventos, download de materiais e solicita\u00e7\u00f5es de informa\u00e7\u00e3o.<\/p><p>\u00a0<\/p><h4 id=\"4-finalidades-do-tratamento\" class=\"font-editorial font-bold mb-2 mt-4 [.has-inline-images_&amp;]:clear-end text-lg first:mt-0 md:text-lg [hr+&amp;]:mt-4\">4. Finalidades do tratamento<\/h4><p class=\"my-2 [&amp;+p]:mt-4 [&amp;_strong:has(+br)]:inline-block [&amp;_strong:has(+br)]:align-top\">Tratamos dados pessoais para finalidades leg\u00edtimas, espec\u00edficas e informadas ao titular, incluindo:<\/p><ul class=\"marker:text-quiet list-disc pl-8\"><li class=\"py-0 my-0 prose-p:pt-0 prose-p:mb-2 prose-p:my-0 [&amp;&gt;p]:pt-0 [&amp;&gt;p]:mb-2 [&amp;&gt;p]:my-0\"><p class=\"my-2 [&amp;+p]:mt-4 [&amp;_strong:has(+br)]:inline-block [&amp;_strong:has(+br)]:align-top\">Responder solicita\u00e7\u00f5es enviadas pelos formul\u00e1rios ou canais de contato.<\/p><\/li><li class=\"py-0 my-0 prose-p:pt-0 prose-p:mb-2 prose-p:my-0 [&amp;&gt;p]:pt-0 [&amp;&gt;p]:mb-2 [&amp;&gt;p]:my-0\"><p class=\"my-2 [&amp;+p]:mt-4 [&amp;_strong:has(+br)]:inline-block [&amp;_strong:has(+br)]:align-top\">Elaborar propostas, retornos comerciais e atendimentos.<\/p><\/li><li class=\"py-0 my-0 prose-p:pt-0 prose-p:mb-2 prose-p:my-0 [&amp;&gt;p]:pt-0 [&amp;&gt;p]:mb-2 [&amp;&gt;p]:my-0\"><p class=\"my-2 [&amp;+p]:mt-4 [&amp;_strong:has(+br)]:inline-block [&amp;_strong:has(+br)]:align-top\">Viabilizar relacionamento institucional e comercial.<\/p><\/li><li class=\"py-0 my-0 prose-p:pt-0 prose-p:mb-2 prose-p:my-0 [&amp;&gt;p]:pt-0 [&amp;&gt;p]:mb-2 [&amp;&gt;p]:my-0\"><p class=\"my-2 [&amp;+p]:mt-4 [&amp;_strong:has(+br)]:inline-block [&amp;_strong:has(+br)]:align-top\">Enviar materiais solicitados pelo pr\u00f3prio titular.<\/p><\/li><li class=\"py-0 my-0 prose-p:pt-0 prose-p:mb-2 prose-p:my-0 [&amp;&gt;p]:pt-0 [&amp;&gt;p]:mb-2 [&amp;&gt;p]:my-0\"><p class=\"my-2 [&amp;+p]:mt-4 [&amp;_strong:has(+br)]:inline-block [&amp;_strong:has(+br)]:align-top\">Gerenciar comunica\u00e7\u00f5es sobre servi\u00e7os, conte\u00fados e oportunidades da EQP, quando houver base legal adequada.<\/p><\/li><li class=\"py-0 my-0 prose-p:pt-0 prose-p:mb-2 prose-p:my-0 [&amp;&gt;p]:pt-0 [&amp;&gt;p]:mb-2 [&amp;&gt;p]:my-0\"><p class=\"my-2 [&amp;+p]:mt-4 [&amp;_strong:has(+br)]:inline-block [&amp;_strong:has(+br)]:align-top\">Cumprir obriga\u00e7\u00f5es legais, regulat\u00f3rias e contratuais.<\/p><\/li><li class=\"py-0 my-0 prose-p:pt-0 prose-p:mb-2 prose-p:my-0 [&amp;&gt;p]:pt-0 [&amp;&gt;p]:mb-2 [&amp;&gt;p]:my-0\"><p class=\"my-2 [&amp;+p]:mt-4 [&amp;_strong:has(+br)]:inline-block [&amp;_strong:has(+br)]:align-top\">Melhorar a experi\u00eancia de navega\u00e7\u00e3o, seguran\u00e7a e desempenho do site.<\/p><\/li><li class=\"py-0 my-0 prose-p:pt-0 prose-p:mb-2 prose-p:my-0 [&amp;&gt;p]:pt-0 [&amp;&gt;p]:mb-2 [&amp;&gt;p]:my-0\"><p class=\"my-2 [&amp;+p]:mt-4 [&amp;_strong:has(+br)]:inline-block [&amp;_strong:has(+br)]:align-top\">Gerenciar consentimentos de cookies e prefer\u00eancias do usu\u00e1rio, quando aplic\u00e1vel.<\/p><\/li><\/ul><p>\u00a0<\/p><h4 id=\"5-bases-legais\" class=\"font-editorial font-bold mb-2 mt-4 [.has-inline-images_&amp;]:clear-end text-lg first:mt-0 md:text-lg [hr+&amp;]:mt-4\">5. Bases legais<\/h4><p class=\"my-2 [&amp;+p]:mt-4 [&amp;_strong:has(+br)]:inline-block [&amp;_strong:has(+br)]:align-top\">A EQP trata dados pessoais com base nas hip\u00f3teses legais previstas na LGPD, como:<\/p><ul class=\"marker:text-quiet list-disc pl-8\"><li class=\"py-0 my-0 prose-p:pt-0 prose-p:mb-2 prose-p:my-0 [&amp;&gt;p]:pt-0 [&amp;&gt;p]:mb-2 [&amp;&gt;p]:my-0\"><p class=\"my-2 [&amp;+p]:mt-4 [&amp;_strong:has(+br)]:inline-block [&amp;_strong:has(+br)]:align-top\">Execu\u00e7\u00e3o de contrato ou de procedimentos preliminares.<\/p><\/li><li class=\"py-0 my-0 prose-p:pt-0 prose-p:mb-2 prose-p:my-0 [&amp;&gt;p]:pt-0 [&amp;&gt;p]:mb-2 [&amp;&gt;p]:my-0\"><p class=\"my-2 [&amp;+p]:mt-4 [&amp;_strong:has(+br)]:inline-block [&amp;_strong:has(+br)]:align-top\">Leg\u00edtimo interesse, quando aplic\u00e1vel e compat\u00edvel com os direitos do titular.<\/p><\/li><li class=\"py-0 my-0 prose-p:pt-0 prose-p:mb-2 prose-p:my-0 [&amp;&gt;p]:pt-0 [&amp;&gt;p]:mb-2 [&amp;&gt;p]:my-0\"><p class=\"my-2 [&amp;+p]:mt-4 [&amp;_strong:has(+br)]:inline-block [&amp;_strong:has(+br)]:align-top\">Cumprimento de obriga\u00e7\u00e3o legal ou regulat\u00f3ria.<\/p><\/li><li class=\"py-0 my-0 prose-p:pt-0 prose-p:mb-2 prose-p:my-0 [&amp;&gt;p]:pt-0 [&amp;&gt;p]:mb-2 [&amp;&gt;p]:my-0\"><p class=\"my-2 [&amp;+p]:mt-4 [&amp;_strong:has(+br)]:inline-block [&amp;_strong:has(+br)]:align-top\">Consentimento, quando necess\u00e1rio, especialmente em formul\u00e1rios espec\u00edficos, comunica\u00e7\u00f5es de marketing e cookies n\u00e3o estritamente necess\u00e1rios.<\/p><\/li><\/ul><p>\u00a0<\/p><h4 id=\"6-compartilhamento-de-dados\" class=\"font-editorial font-bold mb-2 mt-4 [.has-inline-images_&amp;]:clear-end text-lg first:mt-0 md:text-lg [hr+&amp;]:mt-4\">6. Compartilhamento de dados<\/h4><p class=\"my-2 [&amp;+p]:mt-4 [&amp;_strong:has(+br)]:inline-block [&amp;_strong:has(+br)]:align-top\">A EQP poder\u00e1 compartilhar dados pessoais apenas quando necess\u00e1rio para:<\/p><ul class=\"marker:text-quiet list-disc pl-8\"><li class=\"py-0 my-0 prose-p:pt-0 prose-p:mb-2 prose-p:my-0 [&amp;&gt;p]:pt-0 [&amp;&gt;p]:mb-2 [&amp;&gt;p]:my-0\"><p class=\"my-2 [&amp;+p]:mt-4 [&amp;_strong:has(+br)]:inline-block [&amp;_strong:has(+br)]:align-top\">Prestadores de servi\u00e7os de tecnologia, hospedagem, e-mail e seguran\u00e7a.<\/p><\/li><li class=\"py-0 my-0 prose-p:pt-0 prose-p:mb-2 prose-p:my-0 [&amp;&gt;p]:pt-0 [&amp;&gt;p]:mb-2 [&amp;&gt;p]:my-0\"><p class=\"my-2 [&amp;+p]:mt-4 [&amp;_strong:has(+br)]:inline-block [&amp;_strong:has(+br)]:align-top\">Ferramentas de CRM, automa\u00e7\u00e3o e an\u00e1lise de desempenho.<\/p><\/li><li class=\"py-0 my-0 prose-p:pt-0 prose-p:mb-2 prose-p:my-0 [&amp;&gt;p]:pt-0 [&amp;&gt;p]:mb-2 [&amp;&gt;p]:my-0\"><p class=\"my-2 [&amp;+p]:mt-4 [&amp;_strong:has(+br)]:inline-block [&amp;_strong:has(+br)]:align-top\">Cumprimento de obriga\u00e7\u00f5es legais, judiciais ou regulat\u00f3rias.<\/p><\/li><li class=\"py-0 my-0 prose-p:pt-0 prose-p:mb-2 prose-p:my-0 [&amp;&gt;p]:pt-0 [&amp;&gt;p]:mb-2 [&amp;&gt;p]:my-0\"><p class=\"my-2 [&amp;+p]:mt-4 [&amp;_strong:has(+br)]:inline-block [&amp;_strong:has(+br)]:align-top\">Execu\u00e7\u00e3o de atividades comerciais e operacionais leg\u00edtimas.<\/p><\/li><\/ul><p class=\"my-2 [&amp;+p]:mt-4 [&amp;_strong:has(+br)]:inline-block [&amp;_strong:has(+br)]:align-top\">Sempre que houver compartilhamento com terceiros, a EQP buscar\u00e1 garantir n\u00edveis adequados de confidencialidade, seguran\u00e7a e uso compat\u00edvel com as finalidades informadas.<\/p><p>\u00a0<\/p><h4 id=\"7-direitos-dos-titulares\" class=\"font-editorial font-bold mb-2 mt-4 [.has-inline-images_&amp;]:clear-end text-lg first:mt-0 md:text-lg [hr+&amp;]:mt-4\">7. Direitos dos titulares<\/h4><p class=\"my-2 [&amp;+p]:mt-4 [&amp;_strong:has(+br)]:inline-block [&amp;_strong:has(+br)]:align-top\">Nos termos da LGPD, o titular pode solicitar:<\/p><ul class=\"marker:text-quiet list-disc pl-8\"><li class=\"py-0 my-0 prose-p:pt-0 prose-p:mb-2 prose-p:my-0 [&amp;&gt;p]:pt-0 [&amp;&gt;p]:mb-2 [&amp;&gt;p]:my-0\"><p class=\"my-2 [&amp;+p]:mt-4 [&amp;_strong:has(+br)]:inline-block [&amp;_strong:has(+br)]:align-top\">Confirma\u00e7\u00e3o da exist\u00eancia de tratamento.<\/p><\/li><li class=\"py-0 my-0 prose-p:pt-0 prose-p:mb-2 prose-p:my-0 [&amp;&gt;p]:pt-0 [&amp;&gt;p]:mb-2 [&amp;&gt;p]:my-0\"><p class=\"my-2 [&amp;+p]:mt-4 [&amp;_strong:has(+br)]:inline-block [&amp;_strong:has(+br)]:align-top\">Acesso aos dados.<\/p><\/li><li class=\"py-0 my-0 prose-p:pt-0 prose-p:mb-2 prose-p:my-0 [&amp;&gt;p]:pt-0 [&amp;&gt;p]:mb-2 [&amp;&gt;p]:my-0\"><p class=\"my-2 [&amp;+p]:mt-4 [&amp;_strong:has(+br)]:inline-block [&amp;_strong:has(+br)]:align-top\">Corre\u00e7\u00e3o de dados incompletos, inexatos ou desatualizados.<\/p><\/li><li class=\"py-0 my-0 prose-p:pt-0 prose-p:mb-2 prose-p:my-0 [&amp;&gt;p]:pt-0 [&amp;&gt;p]:mb-2 [&amp;&gt;p]:my-0\"><p class=\"my-2 [&amp;+p]:mt-4 [&amp;_strong:has(+br)]:inline-block [&amp;_strong:has(+br)]:align-top\">Anonimiza\u00e7\u00e3o, bloqueio ou elimina\u00e7\u00e3o de dados desnecess\u00e1rios, excessivos ou tratados em desconformidade.<\/p><\/li><li class=\"py-0 my-0 prose-p:pt-0 prose-p:mb-2 prose-p:my-0 [&amp;&gt;p]:pt-0 [&amp;&gt;p]:mb-2 [&amp;&gt;p]:my-0\"><p class=\"my-2 [&amp;+p]:mt-4 [&amp;_strong:has(+br)]:inline-block [&amp;_strong:has(+br)]:align-top\">Portabilidade, quando aplic\u00e1vel.<\/p><\/li><li class=\"py-0 my-0 prose-p:pt-0 prose-p:mb-2 prose-p:my-0 [&amp;&gt;p]:pt-0 [&amp;&gt;p]:mb-2 [&amp;&gt;p]:my-0\"><p class=\"my-2 [&amp;+p]:mt-4 [&amp;_strong:has(+br)]:inline-block [&amp;_strong:has(+br)]:align-top\">Informa\u00e7\u00e3o sobre compartilhamento.<\/p><\/li><li class=\"py-0 my-0 prose-p:pt-0 prose-p:mb-2 prose-p:my-0 [&amp;&gt;p]:pt-0 [&amp;&gt;p]:mb-2 [&amp;&gt;p]:my-0\"><p class=\"my-2 [&amp;+p]:mt-4 [&amp;_strong:has(+br)]:inline-block [&amp;_strong:has(+br)]:align-top\">Revoga\u00e7\u00e3o do consentimento.<\/p><\/li><li class=\"py-0 my-0 prose-p:pt-0 prose-p:mb-2 prose-p:my-0 [&amp;&gt;p]:pt-0 [&amp;&gt;p]:mb-2 [&amp;&gt;p]:my-0\"><p class=\"my-2 [&amp;+p]:mt-4 [&amp;_strong:has(+br)]:inline-block [&amp;_strong:has(+br)]:align-top\">Oposi\u00e7\u00e3o ao tratamento, quando cab\u00edvel.<\/p><\/li><li class=\"py-0 my-0 prose-p:pt-0 prose-p:mb-2 prose-p:my-0 [&amp;&gt;p]:pt-0 [&amp;&gt;p]:mb-2 [&amp;&gt;p]:my-0\"><p class=\"my-2 [&amp;+p]:mt-4 [&amp;_strong:has(+br)]:inline-block [&amp;_strong:has(+br)]:align-top\">Revis\u00e3o de decis\u00f5es automatizadas, quando houver.<\/p><\/li><\/ul><p>\u00a0<\/p><h4 id=\"8-canal-de-privacidade--lgpd\" class=\"font-editorial font-bold mb-2 mt-4 [.has-inline-images_&amp;]:clear-end text-lg first:mt-0 md:text-lg [hr+&amp;]:mt-4\">8. Canal de privacidade \/ LGPD<\/h4><p class=\"my-2 [&amp;+p]:mt-4 [&amp;_strong:has(+br)]:inline-block [&amp;_strong:has(+br)]:align-top\">Para solicita\u00e7\u00f5es relacionadas a dados pessoais, privacidade, cookies ou exerc\u00edcio de direitos, o titular pode entrar em contato pelo e-mail:<\/p><p class=\"my-2 [&amp;+p]:mt-4 [&amp;_strong:has(+br)]:inline-block [&amp;_strong:has(+br)]:align-top\"><strong>privacidade@eqpcm.com<\/strong><\/p><p>\u00a0<\/p><h4 id=\"9-poltica-de-cookies\" class=\"font-editorial font-bold mb-2 mt-4 [.has-inline-images_&amp;]:clear-end text-lg first:mt-0 md:text-lg [hr+&amp;]:mt-4\">9. Pol\u00edtica de cookies<\/h4><p class=\"my-2 [&amp;+p]:mt-4 [&amp;_strong:has(+br)]:inline-block [&amp;_strong:has(+br)]:align-top\">Este site pode utilizar cookies e tecnologias semelhantes para seu funcionamento, an\u00e1lise de uso, seguran\u00e7a, melhoria de desempenho e personaliza\u00e7\u00e3o da experi\u00eancia. Cookies estritamente necess\u00e1rios podem ser utilizados sem consentimento, pois s\u00e3o essenciais para a opera\u00e7\u00e3o do site. Cookies de an\u00e1lise, marketing ou outros n\u00e3o estritamente necess\u00e1rios devem respeitar o consentimento do usu\u00e1rio, com possibilidade de aceite, recusa e revis\u00e3o de prefer\u00eancias.<\/p><h5 id=\"categorias-de-cookies\" class=\"font-editorial font-bold mb-2 mt-4 [.has-inline-images_&amp;]:clear-end text-base first:mt-0\">Categorias de cookies<\/h5><ul class=\"marker:text-quiet list-disc pl-8\"><li class=\"py-0 my-0 prose-p:pt-0 prose-p:mb-2 prose-p:my-0 [&amp;&gt;p]:pt-0 [&amp;&gt;p]:mb-2 [&amp;&gt;p]:my-0\"><p class=\"my-2 [&amp;+p]:mt-4 [&amp;_strong:has(+br)]:inline-block [&amp;_strong:has(+br)]:align-top\"><strong>Necess\u00e1rios:<\/strong>\u00a0permitem navega\u00e7\u00e3o, seguran\u00e7a e funcionamento b\u00e1sico.<\/p><\/li><li class=\"py-0 my-0 prose-p:pt-0 prose-p:mb-2 prose-p:my-0 [&amp;&gt;p]:pt-0 [&amp;&gt;p]:mb-2 [&amp;&gt;p]:my-0\"><p class=\"my-2 [&amp;+p]:mt-4 [&amp;_strong:has(+br)]:inline-block [&amp;_strong:has(+br)]:align-top\"><strong>Anal\u00edticos:<\/strong>\u00a0ajudam a entender uso, p\u00e1ginas acessadas e desempenho.<\/p><\/li><li class=\"py-0 my-0 prose-p:pt-0 prose-p:mb-2 prose-p:my-0 [&amp;&gt;p]:pt-0 [&amp;&gt;p]:mb-2 [&amp;&gt;p]:my-0\"><p class=\"my-2 [&amp;+p]:mt-4 [&amp;_strong:has(+br)]:inline-block [&amp;_strong:has(+br)]:align-top\"><strong>Funcionais:<\/strong>\u00a0lembram prefer\u00eancias do usu\u00e1rio.<\/p><\/li><li class=\"py-0 my-0 prose-p:pt-0 prose-p:mb-2 prose-p:my-0 [&amp;&gt;p]:pt-0 [&amp;&gt;p]:mb-2 [&amp;&gt;p]:my-0\"><p class=\"my-2 [&amp;+p]:mt-4 [&amp;_strong:has(+br)]:inline-block [&amp;_strong:has(+br)]:align-top\"><strong>Marketing:<\/strong>\u00a0podem ser usados para mensura\u00e7\u00e3o e campanhas, quando aplic\u00e1vel.<\/p><\/li><\/ul><h5 id=\"preferncias-do-usurio\" class=\"font-editorial font-bold mb-2 mt-4 [.has-inline-images_&amp;]:clear-end text-base first:mt-0\">Prefer\u00eancias do usu\u00e1rio<\/h5><p class=\"my-2 [&amp;+p]:mt-4 [&amp;_strong:has(+br)]:inline-block [&amp;_strong:has(+br)]:align-top\">O usu\u00e1rio pode aceitar, recusar ou ajustar suas prefer\u00eancias de cookies a qualquer momento, por meio do banner ou da central de prefer\u00eancias do site. Tamb\u00e9m \u00e9 poss\u00edvel desativar cookies pelo navegador, embora isso possa afetar algumas funcionalidades.<\/p><p>\u00a0<\/p><h4 id=\"10-consentimento-em-formulrios\" class=\"font-editorial font-bold mb-2 mt-4 [.has-inline-images_&amp;]:clear-end text-lg first:mt-0 md:text-lg [hr+&amp;]:mt-4\">10. Consentimento em formul\u00e1rios<\/h4><p class=\"my-2 [&amp;+p]:mt-4 [&amp;_strong:has(+br)]:inline-block [&amp;_strong:has(+br)]:align-top\">Ao preencher formul\u00e1rios no site, o usu\u00e1rio poder\u00e1 marcar um campo de consentimento espec\u00edfico, quando necess\u00e1rio, confirmando que leu e concorda com esta Pol\u00edtica de Privacidade e com o tratamento de dados para a finalidade informada. Isso vale especialmente para:<\/p><ul class=\"marker:text-quiet list-disc pl-8\"><li class=\"py-0 my-0 prose-p:pt-0 prose-p:mb-2 prose-p:my-0 [&amp;&gt;p]:pt-0 [&amp;&gt;p]:mb-2 [&amp;&gt;p]:my-0\"><p class=\"my-2 [&amp;+p]:mt-4 [&amp;_strong:has(+br)]:inline-block [&amp;_strong:has(+br)]:align-top\">Formul\u00e1rios de contato.<\/p><\/li><li class=\"py-0 my-0 prose-p:pt-0 prose-p:mb-2 prose-p:my-0 [&amp;&gt;p]:pt-0 [&amp;&gt;p]:mb-2 [&amp;&gt;p]:my-0\"><p class=\"my-2 [&amp;+p]:mt-4 [&amp;_strong:has(+br)]:inline-block [&amp;_strong:has(+br)]:align-top\">Newsletter.<\/p><\/li><li class=\"py-0 my-0 prose-p:pt-0 prose-p:mb-2 prose-p:my-0 [&amp;&gt;p]:pt-0 [&amp;&gt;p]:mb-2 [&amp;&gt;p]:my-0\"><p class=\"my-2 [&amp;+p]:mt-4 [&amp;_strong:has(+br)]:inline-block [&amp;_strong:has(+br)]:align-top\">Download de materiais.<\/p><\/li><li class=\"py-0 my-0 prose-p:pt-0 prose-p:mb-2 prose-p:my-0 [&amp;&gt;p]:pt-0 [&amp;&gt;p]:mb-2 [&amp;&gt;p]:my-0\"><p class=\"my-2 [&amp;+p]:mt-4 [&amp;_strong:has(+br)]:inline-block [&amp;_strong:has(+br)]:align-top\">Inscri\u00e7\u00e3o em eventos ou conte\u00fados.<\/p><\/li><\/ul><p>\u00a0<\/p><h4 id=\"11-segurana-da-informao-e-governana\" class=\"font-editorial font-bold mb-2 mt-4 [.has-inline-images_&amp;]:clear-end text-lg first:mt-0 md:text-lg [hr+&amp;]:mt-4\">11. Seguran\u00e7a da informa\u00e7\u00e3o e governan\u00e7a<\/h4><p class=\"my-2 [&amp;+p]:mt-4 [&amp;_strong:has(+br)]:inline-block [&amp;_strong:has(+br)]:align-top\">A EQP adota medidas t\u00e9cnicas e organizacionais para proteger dados pessoais contra acessos n\u00e3o autorizados, uso indevido, perda, altera\u00e7\u00e3o ou divulga\u00e7\u00e3o indevida. Nosso compromisso inclui confidencialidade, controle de acesso, rastreabilidade, governan\u00e7a de dados e boas pr\u00e1ticas de seguran\u00e7a da informa\u00e7\u00e3o.<\/p><p class=\"my-2 [&amp;+p]:mt-4 [&amp;_strong:has(+br)]:inline-block [&amp;_strong:has(+br)]:align-top\">Trabalhamos para que o tratamento de dados siga os princ\u00edpios de necessidade, transpar\u00eancia, preven\u00e7\u00e3o e presta\u00e7\u00e3o de contas. Em ambientes sens\u00edveis, buscamos refor\u00e7ar a gest\u00e3o respons\u00e1vel das informa\u00e7\u00f5es e a adequada segrega\u00e7\u00e3o de acessos.<\/p><p>\u00a0<\/p><h4 id=\"12-reteno-e-descarte\" class=\"font-editorial font-bold mb-2 mt-4 [.has-inline-images_&amp;]:clear-end text-lg first:mt-0 md:text-lg [hr+&amp;]:mt-4\">12. Reten\u00e7\u00e3o e descarte<\/h4><p class=\"my-2 [&amp;+p]:mt-4 [&amp;_strong:has(+br)]:inline-block [&amp;_strong:has(+br)]:align-top\">Os dados pessoais ser\u00e3o mantidos pelo tempo necess\u00e1rio para cumprir as finalidades informadas, obriga\u00e7\u00f5es legais, regulat\u00f3rias, contratuais e defesa em processos administrativos ou judiciais. Ap\u00f3s esse per\u00edodo, os dados poder\u00e3o ser eliminados ou anonimizados, quando aplic\u00e1vel.<\/p><p>\u00a0<\/p><h4 id=\"13-atualizaes-desta-poltica\" class=\"font-editorial font-bold mb-2 mt-4 [.has-inline-images_&amp;]:clear-end text-lg first:mt-0 md:text-lg [hr+&amp;]:mt-4\">13. Atualiza\u00e7\u00f5es desta pol\u00edtica<\/h4><p class=\"my-2 [&amp;+p]:mt-4 [&amp;_strong:has(+br)]:inline-block [&amp;_strong:has(+br)]:align-top\">Esta Pol\u00edtica poder\u00e1 ser atualizada a qualquer tempo para refletir mudan\u00e7as legais, operacionais ou tecnol\u00f3gicas. Recomendamos a consulta peri\u00f3dica desta p\u00e1gina para acompanhar eventuais altera\u00e7\u00f5es.<\/p><p>\u00a0<\/p><h4 id=\"14-termos-de-uso-do-site\" class=\"font-editorial font-bold mb-2 mt-4 [.has-inline-images_&amp;]:clear-end text-lg first:mt-0 md:text-lg [hr+&amp;]:mt-4\">14. Termos de uso do site<\/h4><p class=\"my-2 [&amp;+p]:mt-4 [&amp;_strong:has(+br)]:inline-block [&amp;_strong:has(+br)]:align-top\">Ao acessar este site, o usu\u00e1rio concorda em utiliz\u00e1-lo de forma l\u00edcita, respeitando a legisla\u00e7\u00e3o aplic\u00e1vel e n\u00e3o praticando atos que possam comprometer sua seguran\u00e7a, integridade ou funcionamento. O conte\u00fado disponibilizado possui finalidade institucional, informativa e comercial, podendo ser atualizado sem aviso pr\u00e9vio.<\/p><p class=\"my-2 [&amp;+p]:mt-4 [&amp;_strong:has(+br)]:inline-block [&amp;_strong:has(+br)]:align-top\">A EQP n\u00e3o se responsabiliza por usos indevidos das informa\u00e7\u00f5es disponibilizadas, nem por conte\u00fados de terceiros eventualmente acessados por links externos.<\/p>\t\t\t\t\t\t\t\t<\/div>\n\t\t\t\t<\/div>\n\t\t\t\t<\/div>\n\t\t<div class=\"elementor-element elementor-element-862fdc7 e-con-full e-flex e-con e-child\" data-id=\"862fdc7\" data-element_type=\"container\" data-e-type=\"container\">\n\t\t\t\t<div class=\"elementor-element elementor-element-096727f elementor-widget elementor-widget-button\" data-id=\"096727f\" data-element_type=\"widget\" data-e-type=\"widget\" data-widget_type=\"button.default\">\n\t\t\t\t<div class=\"elementor-widget-container\">\n\t\t\t\t\t\t\t\t\t<div class=\"elementor-button-wrapper\">\n\t\t\t\t\t<a class=\"elementor-button elementor-button-link elementor-size-sm\" href=\"https:\/\/embrevenoar.com.br\/eqp\/wp-content\/uploads\/2026\/03\/Politica-de-privacidade-para-cliente-e-fornecedores.pdf\" target=\"_blank\">\n\t\t\t\t\t\t<span class=\"elementor-button-content-wrapper\">\n\t\t\t\t\t\t<span class=\"elementor-button-icon\">\n\t\t\t\t<svg aria-hidden=\"true\" class=\"e-font-icon-svg e-fas-file-download\" viewBox=\"0 0 384 512\" xmlns=\"http:\/\/www.w3.org\/2000\/svg\"><path d=\"M224 136V0H24C10.7 0 0 10.7 0 24v464c0 13.3 10.7 24 24 24h336c13.3 0 24-10.7 24-24V160H248c-13.2 0-24-10.8-24-24zm76.45 211.36l-96.42 95.7c-6.65 6.61-17.39 6.61-24.04 0l-96.42-95.7C73.42 337.29 80.54 320 94.82 320H160v-80c0-8.84 7.16-16 16-16h32c8.84 0 16 7.16 16 16v80h65.18c14.28 0 21.4 17.29 11.27 27.36zM377 105L279.1 7c-4.5-4.5-10.6-7-17-7H256v128h128v-6.1c0-6.3-2.5-12.4-7-16.9z\"><\/path><\/svg>\t\t\t<\/span>\n\t\t\t\t\t\t\t\t\t<span class=\"elementor-button-text\">Pol\u00edtica de privacidade para cliente e fornecedores<\/span>\n\t\t\t\t\t<\/span>\n\t\t\t\t\t<\/a>\n\t\t\t\t<\/div>\n\t\t\t\t\t\t\t\t<\/div>\n\t\t\t\t<\/div>\n\t\t\t\t<div class=\"elementor-element elementor-element-ac90026 elementor-widget elementor-widget-button\" data-id=\"ac90026\" data-element_type=\"widget\" data-e-type=\"widget\" data-widget_type=\"button.default\">\n\t\t\t\t<div class=\"elementor-widget-container\">\n\t\t\t\t\t\t\t\t\t<div class=\"elementor-button-wrapper\">\n\t\t\t\t\t<a class=\"elementor-button elementor-button-link elementor-size-sm\" href=\"https:\/\/embrevenoar.com.br\/eqp\/wp-content\/uploads\/2026\/03\/Politica-de-retencao-e-descarte-de-dados.pdf\" target=\"_blank\">\n\t\t\t\t\t\t<span class=\"elementor-button-content-wrapper\">\n\t\t\t\t\t\t<span class=\"elementor-button-icon\">\n\t\t\t\t<svg aria-hidden=\"true\" class=\"e-font-icon-svg e-fas-file-download\" viewBox=\"0 0 384 512\" xmlns=\"http:\/\/www.w3.org\/2000\/svg\"><path d=\"M224 136V0H24C10.7 0 0 10.7 0 24v464c0 13.3 10.7 24 24 24h336c13.3 0 24-10.7 24-24V160H248c-13.2 0-24-10.8-24-24zm76.45 211.36l-96.42 95.7c-6.65 6.61-17.39 6.61-24.04 0l-96.42-95.7C73.42 337.29 80.54 320 94.82 320H160v-80c0-8.84 7.16-16 16-16h32c8.84 0 16 7.16 16 16v80h65.18c14.28 0 21.4 17.29 11.27 27.36zM377 105L279.1 7c-4.5-4.5-10.6-7-17-7H256v128h128v-6.1c0-6.3-2.5-12.4-7-16.9z\"><\/path><\/svg>\t\t\t<\/span>\n\t\t\t\t\t\t\t\t\t<span class=\"elementor-button-text\">Pol\u00edtica de reten\u00e7\u00e3o e descarte de dados<\/span>\n\t\t\t\t\t<\/span>\n\t\t\t\t\t<\/a>\n\t\t\t\t<\/div>\n\t\t\t\t\t\t\t\t<\/div>\n\t\t\t\t<\/div>\n\t\t\t\t<div class=\"elementor-element elementor-element-a64b984 elementor-widget elementor-widget-button\" data-id=\"a64b984\" data-element_type=\"widget\" data-e-type=\"widget\" data-widget_type=\"button.default\">\n\t\t\t\t<div class=\"elementor-widget-container\">\n\t\t\t\t\t\t\t\t\t<div class=\"elementor-button-wrapper\">\n\t\t\t\t\t<a class=\"elementor-button elementor-button-link elementor-size-sm\" href=\"https:\/\/embrevenoar.com.br\/eqp\/wp-content\/uploads\/2026\/03\/Processo-Formalizado-para-Atualizacao-das-Atividades-de-Tratamento-de-Dados-Pessoais.pdf\" target=\"_blank\">\n\t\t\t\t\t\t<span class=\"elementor-button-content-wrapper\">\n\t\t\t\t\t\t<span class=\"elementor-button-icon\">\n\t\t\t\t<svg aria-hidden=\"true\" class=\"e-font-icon-svg e-fas-file-download\" viewBox=\"0 0 384 512\" xmlns=\"http:\/\/www.w3.org\/2000\/svg\"><path d=\"M224 136V0H24C10.7 0 0 10.7 0 24v464c0 13.3 10.7 24 24 24h336c13.3 0 24-10.7 24-24V160H248c-13.2 0-24-10.8-24-24zm76.45 211.36l-96.42 95.7c-6.65 6.61-17.39 6.61-24.04 0l-96.42-95.7C73.42 337.29 80.54 320 94.82 320H160v-80c0-8.84 7.16-16 16-16h32c8.84 0 16 7.16 16 16v80h65.18c14.28 0 21.4 17.29 11.27 27.36zM377 105L279.1 7c-4.5-4.5-10.6-7-17-7H256v128h128v-6.1c0-6.3-2.5-12.4-7-16.9z\"><\/path><\/svg>\t\t\t<\/span>\n\t\t\t\t\t\t\t\t\t<span class=\"elementor-button-text\">Processo Formalizado para Atualiza\u00e7\u00e3o das Atividades de Tratamento de Dados Pessoais<\/span>\n\t\t\t\t\t<\/span>\n\t\t\t\t\t<\/a>\n\t\t\t\t<\/div>\n\t\t\t\t\t\t\t\t<\/div>\n\t\t\t\t<\/div>\n\t\t\t\t<div class=\"elementor-element elementor-element-18d587a elementor-widget elementor-widget-button\" data-id=\"18d587a\" data-element_type=\"widget\" data-e-type=\"widget\" data-widget_type=\"button.default\">\n\t\t\t\t<div class=\"elementor-widget-container\">\n\t\t\t\t\t\t\t\t\t<div class=\"elementor-button-wrapper\">\n\t\t\t\t\t<a class=\"elementor-button elementor-button-link elementor-size-sm\" href=\"https:\/\/embrevenoar.com.br\/eqp\/wp-content\/uploads\/2026\/03\/Processo-formalizado-e-documentado-para-atendimento-aos-direitos-dos-titulares-de-dados.pdf\" target=\"_blank\">\n\t\t\t\t\t\t<span class=\"elementor-button-content-wrapper\">\n\t\t\t\t\t\t<span class=\"elementor-button-icon\">\n\t\t\t\t<svg aria-hidden=\"true\" class=\"e-font-icon-svg e-fas-file-download\" viewBox=\"0 0 384 512\" xmlns=\"http:\/\/www.w3.org\/2000\/svg\"><path d=\"M224 136V0H24C10.7 0 0 10.7 0 24v464c0 13.3 10.7 24 24 24h336c13.3 0 24-10.7 24-24V160H248c-13.2 0-24-10.8-24-24zm76.45 211.36l-96.42 95.7c-6.65 6.61-17.39 6.61-24.04 0l-96.42-95.7C73.42 337.29 80.54 320 94.82 320H160v-80c0-8.84 7.16-16 16-16h32c8.84 0 16 7.16 16 16v80h65.18c14.28 0 21.4 17.29 11.27 27.36zM377 105L279.1 7c-4.5-4.5-10.6-7-17-7H256v128h128v-6.1c0-6.3-2.5-12.4-7-16.9z\"><\/path><\/svg>\t\t\t<\/span>\n\t\t\t\t\t\t\t\t\t<span class=\"elementor-button-text\">Processo formalizado e documentado para atendimento aos direitos dos titulares de dados<\/span>\n\t\t\t\t\t<\/span>\n\t\t\t\t\t<\/a>\n\t\t\t\t<\/div>\n\t\t\t\t\t\t\t\t<\/div>\n\t\t\t\t<\/div>\n\t\t\t\t<div class=\"elementor-element elementor-element-cd12e66 elementor-widget elementor-widget-button\" data-id=\"cd12e66\" data-element_type=\"widget\" data-e-type=\"widget\" data-widget_type=\"button.default\">\n\t\t\t\t<div class=\"elementor-widget-container\">\n\t\t\t\t\t\t\t\t\t<div class=\"elementor-button-wrapper\">\n\t\t\t\t\t<a class=\"elementor-button elementor-button-link elementor-size-sm\" href=\"https:\/\/embrevenoar.com.br\/eqp\/wp-content\/uploads\/2026\/03\/Plano-de-respostas-a-incidentes-envolvendo-dados-pessoais.pdf\" target=\"_blank\">\n\t\t\t\t\t\t<span class=\"elementor-button-content-wrapper\">\n\t\t\t\t\t\t<span class=\"elementor-button-icon\">\n\t\t\t\t<svg aria-hidden=\"true\" class=\"e-font-icon-svg e-fas-file-download\" viewBox=\"0 0 384 512\" xmlns=\"http:\/\/www.w3.org\/2000\/svg\"><path d=\"M224 136V0H24C10.7 0 0 10.7 0 24v464c0 13.3 10.7 24 24 24h336c13.3 0 24-10.7 24-24V160H248c-13.2 0-24-10.8-24-24zm76.45 211.36l-96.42 95.7c-6.65 6.61-17.39 6.61-24.04 0l-96.42-95.7C73.42 337.29 80.54 320 94.82 320H160v-80c0-8.84 7.16-16 16-16h32c8.84 0 16 7.16 16 16v80h65.18c14.28 0 21.4 17.29 11.27 27.36zM377 105L279.1 7c-4.5-4.5-10.6-7-17-7H256v128h128v-6.1c0-6.3-2.5-12.4-7-16.9z\"><\/path><\/svg>\t\t\t<\/span>\n\t\t\t\t\t\t\t\t\t<span class=\"elementor-button-text\">Plano de respostas a incidentes envolvendo dados pessoais<\/span>\n\t\t\t\t\t<\/span>\n\t\t\t\t\t<\/a>\n\t\t\t\t<\/div>\n\t\t\t\t\t\t\t\t<\/div>\n\t\t\t\t<\/div>\n\t\t\t\t<div class=\"elementor-element elementor-element-4a822f9 elementor-widget elementor-widget-button\" data-id=\"4a822f9\" data-element_type=\"widget\" data-e-type=\"widget\" data-widget_type=\"button.default\">\n\t\t\t\t<div class=\"elementor-widget-container\">\n\t\t\t\t\t\t\t\t\t<div class=\"elementor-button-wrapper\">\n\t\t\t\t\t<a class=\"elementor-button elementor-button-link elementor-size-sm\" href=\"https:\/\/embrevenoar.com.br\/eqp\/wp-content\/uploads\/2026\/03\/Registro-das-atividades-de-tratamento-RoPA.pdf\" target=\"_blank\">\n\t\t\t\t\t\t<span class=\"elementor-button-content-wrapper\">\n\t\t\t\t\t\t<span class=\"elementor-button-icon\">\n\t\t\t\t<svg aria-hidden=\"true\" class=\"e-font-icon-svg e-fas-file-download\" viewBox=\"0 0 384 512\" xmlns=\"http:\/\/www.w3.org\/2000\/svg\"><path d=\"M224 136V0H24C10.7 0 0 10.7 0 24v464c0 13.3 10.7 24 24 24h336c13.3 0 24-10.7 24-24V160H248c-13.2 0-24-10.8-24-24zm76.45 211.36l-96.42 95.7c-6.65 6.61-17.39 6.61-24.04 0l-96.42-95.7C73.42 337.29 80.54 320 94.82 320H160v-80c0-8.84 7.16-16 16-16h32c8.84 0 16 7.16 16 16v80h65.18c14.28 0 21.4 17.29 11.27 27.36zM377 105L279.1 7c-4.5-4.5-10.6-7-17-7H256v128h128v-6.1c0-6.3-2.5-12.4-7-16.9z\"><\/path><\/svg>\t\t\t<\/span>\n\t\t\t\t\t\t\t\t\t<span class=\"elementor-button-text\">Registro das atividades de tratamento (RoPA)<\/span>\n\t\t\t\t\t<\/span>\n\t\t\t\t\t<\/a>\n\t\t\t\t<\/div>\n\t\t\t\t\t\t\t\t<\/div>\n\t\t\t\t<\/div>\n\t\t\t\t<div class=\"elementor-element elementor-element-d0c4c18 elementor-widget elementor-widget-button\" data-id=\"d0c4c18\" data-element_type=\"widget\" data-e-type=\"widget\" data-widget_type=\"button.default\">\n\t\t\t\t<div class=\"elementor-widget-container\">\n\t\t\t\t\t\t\t\t\t<div class=\"elementor-button-wrapper\">\n\t\t\t\t\t<a class=\"elementor-button elementor-button-link elementor-size-sm\" href=\"https:\/\/embrevenoar.com.br\/eqp\/wp-content\/uploads\/2026\/03\/Relatorio-de-impacto-a-protecao-de-dados-pessoais.pdf\" target=\"_blank\">\n\t\t\t\t\t\t<span class=\"elementor-button-content-wrapper\">\n\t\t\t\t\t\t<span class=\"elementor-button-icon\">\n\t\t\t\t<svg aria-hidden=\"true\" class=\"e-font-icon-svg e-fas-file-download\" viewBox=\"0 0 384 512\" xmlns=\"http:\/\/www.w3.org\/2000\/svg\"><path d=\"M224 136V0H24C10.7 0 0 10.7 0 24v464c0 13.3 10.7 24 24 24h336c13.3 0 24-10.7 24-24V160H248c-13.2 0-24-10.8-24-24zm76.45 211.36l-96.42 95.7c-6.65 6.61-17.39 6.61-24.04 0l-96.42-95.7C73.42 337.29 80.54 320 94.82 320H160v-80c0-8.84 7.16-16 16-16h32c8.84 0 16 7.16 16 16v80h65.18c14.28 0 21.4 17.29 11.27 27.36zM377 105L279.1 7c-4.5-4.5-10.6-7-17-7H256v128h128v-6.1c0-6.3-2.5-12.4-7-16.9z\"><\/path><\/svg>\t\t\t<\/span>\n\t\t\t\t\t\t\t\t\t<span class=\"elementor-button-text\">Relat\u00f3rio de impacto \u00e0 prote\u00e7\u00e3o de dados pessoais<\/span>\n\t\t\t\t\t<\/span>\n\t\t\t\t\t<\/a>\n\t\t\t\t<\/div>\n\t\t\t\t\t\t\t\t<\/div>\n\t\t\t\t<\/div>\n\t\t\t\t<\/div>\n\t\t\t\t\t<\/div>\n\t\t\t\t<\/div>\n\t\t\t\t<\/div>\n\t\t","protected":false},"excerpt":{"rendered":"<p>LGPD, Privacidade e Termos de Uso A EQP respeita a sua privacidade e est\u00e1 comprometida com a prote\u00e7\u00e3o de seus Dados Pessoais e com o cumprimento dos requisitos da Lei Geral de Prote\u00e7\u00e3o de Dados (Lei n\u00ba 13.709\/18). Esta pol\u00edtica de privacidade descreve como e por que coletamos e utilizamos os dados pessoais e como [&hellip;]<\/p>\n","protected":false},"author":1,"featured_media":0,"parent":0,"menu_order":0,"comment_status":"closed","ping_status":"closed","template":"elementor_header_footer","meta":{"footnotes":""},"class_list":["post-850","page","type-page","status-publish","hentry"],"_links":{"self":[{"href":"https:\/\/embrevenoar.com.br\/eqp\/wp-json\/wp\/v2\/pages\/850","targetHints":{"allow":["GET"]}}],"collection":[{"href":"https:\/\/embrevenoar.com.br\/eqp\/wp-json\/wp\/v2\/pages"}],"about":[{"href":"https:\/\/embrevenoar.com.br\/eqp\/wp-json\/wp\/v2\/types\/page"}],"author":[{"embeddable":true,"href":"https:\/\/embrevenoar.com.br\/eqp\/wp-json\/wp\/v2\/users\/1"}],"replies":[{"embeddable":true,"href":"https:\/\/embrevenoar.com.br\/eqp\/wp-json\/wp\/v2\/comments?post=850"}],"version-history":[{"count":34,"href":"https:\/\/embrevenoar.com.br\/eqp\/wp-json\/wp\/v2\/pages\/850\/revisions"}],"predecessor-version":[{"id":1986,"href":"https:\/\/embrevenoar.com.br\/eqp\/wp-json\/wp\/v2\/pages\/850\/revisions\/1986"}],"wp:attachment":[{"href":"https:\/\/embrevenoar.com.br\/eqp\/wp-json\/wp\/v2\/media?parent=850"}],"curies":[{"name":"wp","href":"https:\/\/api.w.org\/{rel}","templated":true}]}}