{"id":46,"date":"2026-01-27T10:28:18","date_gmt":"2026-01-27T13:28:18","guid":{"rendered":"https:\/\/embrevenoar.com.br\/lucas\/?page_id=46"},"modified":"2026-02-09T13:09:32","modified_gmt":"2026-02-09T16:09:32","slug":"sobre","status":"publish","type":"page","link":"https:\/\/embrevenoar.com.br\/lucas\/sobre\/","title":{"rendered":"Sobre"},"content":{"rendered":"\t\t<div data-elementor-type=\"wp-page\" data-elementor-id=\"46\" class=\"elementor elementor-46\" data-elementor-post-type=\"page\">\n\t\t\t\t<div class=\"elementor-element elementor-element-1a4fd57 e-flex e-con-boxed e-con e-parent\" data-id=\"1a4fd57\" data-element_type=\"container\" data-e-type=\"container\">\n\t\t\t\t\t<div class=\"e-con-inner\">\n\t\t<div class=\"elementor-element elementor-element-16d3d2e e-con-full e-flex e-con e-child\" data-id=\"16d3d2e\" data-element_type=\"container\" data-e-type=\"container\">\n\t\t\t\t<div class=\"elementor-element elementor-element-539bedd elementor-widget elementor-widget-text-editor\" data-id=\"539bedd\" data-element_type=\"widget\" data-e-type=\"widget\" data-widget_type=\"text-editor.default\">\n\t\t\t\t<div class=\"elementor-widget-container\">\n\t\t\t\t\t\t\t\t\t<p><strong>Lucas De Carvalho<\/strong> nasceu em Pedro Leopoldo, Minas Gerais. Desde a inf\u00e2ncia, o desenho se apresentou como algo al\u00e9m do l\u00fadico, como uma ferramenta de linguagem. Criar, colorir, organizar formas e acabamentos sempre fizeram parte de um impulso natural. O cuidado com os detalhes e as habilidades manuais se desenvolveram em paralelo ao interesse por m\u00e9todos, processos e constru\u00e7\u00e3o, em um movimento constante entre liberdade e estrutura.<\/p>\t\t\t\t\t\t\t\t<\/div>\n\t\t\t\t<\/div>\n\t\t\t\t<div class=\"elementor-element elementor-element-28ad924 elementor-widget elementor-widget-text-editor\" data-id=\"28ad924\" data-element_type=\"widget\" data-e-type=\"widget\" data-widget_type=\"text-editor.default\">\n\t\t\t\t<div class=\"elementor-widget-container\">\n\t\t\t\t\t\t\t\t\t<p>A forma\u00e7\u00e3o em engenharia e a viv\u00eancia na ind\u00fastria aprofundaram essa rela\u00e7\u00e3o com a mat\u00e9ria. O contato direto com a produ\u00e7\u00e3o, com o a\u00e7o e com o tempo revelaram uma compreens\u00e3o mais sens\u00edvel e apurada dos processos. Ainda assim, algo permanecia em suspenso: o desejo de criar sem fun\u00e7\u00e3o imediata, sem briefing, sem um destino previamente definido.<\/p>\t\t\t\t\t\t\t\t<\/div>\n\t\t\t\t<\/div>\n\t\t\t\t<div class=\"elementor-element elementor-element-70282e1 elementor-widget elementor-widget-text-editor\" data-id=\"70282e1\" data-element_type=\"widget\" data-e-type=\"widget\" data-widget_type=\"text-editor.default\">\n\t\t\t\t<div class=\"elementor-widget-container\">\n\t\t\t\t\t\t\t\t\t<p>A marca autoral nasce nesse intervalo. Um espa\u00e7o onde o desenho retorna \u00e0 origem, onde a ind\u00fastria deixa de impor limites para se tornar linguagem, e onde o objeto se constr\u00f3i com tempo, aten\u00e7\u00e3o e personalidade. Suas pe\u00e7as n\u00e3o buscam se encaixar em categorias r\u00edgidas. Elas s\u00e3o ensaios, fragmentos e experimentos que habitam o limite entre o funcional e o sens\u00edvel.<\/p>\t\t\t\t\t\t\t\t<\/div>\n\t\t\t\t<\/div>\n\t\t\t\t<\/div>\n\t\t\t\t<div class=\"elementor-element elementor-element-77337f8 elementor-widget-tablet__width-inherit elementor-widget elementor-widget-image\" data-id=\"77337f8\" data-element_type=\"widget\" data-e-type=\"widget\" data-widget_type=\"image.default\">\n\t\t\t\t<div class=\"elementor-widget-container\">\n\t\t\t\t\t\t\t\t\t\t\t\t\t\t\t<img fetchpriority=\"high\" decoding=\"async\" width=\"609\" height=\"812\" src=\"https:\/\/embrevenoar.com.br\/lucas\/wp-content\/uploads\/2026\/01\/lucas_de_carvalho_p_gina_sobre.webp\" class=\"attachment-full size-full wp-image-191\" alt=\"\" srcset=\"https:\/\/embrevenoar.com.br\/lucas\/wp-content\/uploads\/2026\/01\/lucas_de_carvalho_p_gina_sobre.webp 609w, https:\/\/embrevenoar.com.br\/lucas\/wp-content\/uploads\/2026\/01\/lucas_de_carvalho_p_gina_sobre-225x300.webp 225w\" sizes=\"(max-width: 609px) 100vw, 609px\" \/>\t\t\t\t\t\t\t\t\t\t\t\t\t\t\t<\/div>\n\t\t\t\t<\/div>\n\t\t\t\t\t<\/div>\n\t\t\t\t<\/div>\n\t\t\t\t<\/div>\n\t\t","protected":false},"excerpt":{"rendered":"<p>Lucas De Carvalho nasceu em Pedro Leopoldo, Minas Gerais. Desde a inf\u00e2ncia, o desenho se apresentou como algo al\u00e9m do l\u00fadico, como uma ferramenta de linguagem. Criar, colorir, organizar formas e acabamentos sempre fizeram parte de um impulso natural. O cuidado com os detalhes e as habilidades manuais se desenvolveram em paralelo ao interesse por [&hellip;]<\/p>\n","protected":false},"author":1,"featured_media":0,"parent":0,"menu_order":0,"comment_status":"closed","ping_status":"closed","template":"elementor_header_footer","meta":{"footnotes":""},"class_list":["post-46","page","type-page","status-publish","hentry"],"_links":{"self":[{"href":"https:\/\/embrevenoar.com.br\/lucas\/wp-json\/wp\/v2\/pages\/46","targetHints":{"allow":["GET"]}}],"collection":[{"href":"https:\/\/embrevenoar.com.br\/lucas\/wp-json\/wp\/v2\/pages"}],"about":[{"href":"https:\/\/embrevenoar.com.br\/lucas\/wp-json\/wp\/v2\/types\/page"}],"author":[{"embeddable":true,"href":"https:\/\/embrevenoar.com.br\/lucas\/wp-json\/wp\/v2\/users\/1"}],"replies":[{"embeddable":true,"href":"https:\/\/embrevenoar.com.br\/lucas\/wp-json\/wp\/v2\/comments?post=46"}],"version-history":[{"count":19,"href":"https:\/\/embrevenoar.com.br\/lucas\/wp-json\/wp\/v2\/pages\/46\/revisions"}],"predecessor-version":[{"id":297,"href":"https:\/\/embrevenoar.com.br\/lucas\/wp-json\/wp\/v2\/pages\/46\/revisions\/297"}],"wp:attachment":[{"href":"https:\/\/embrevenoar.com.br\/lucas\/wp-json\/wp\/v2\/media?parent=46"}],"curies":[{"name":"wp","href":"https:\/\/api.w.org\/{rel}","templated":true}]}}