{"id":665,"date":"2026-07-10T13:08:56","date_gmt":"2026-07-10T13:08:56","guid":{"rendered":"https:\/\/embrevenoar.com.br\/novo-inhac\/quem-somos-temp\/"},"modified":"2026-07-10T13:45:24","modified_gmt":"2026-07-10T13:45:24","slug":"quem-somos","status":"publish","type":"page","link":"https:\/\/embrevenoar.com.br\/novo-inhac\/quem-somos\/","title":{"rendered":"Quem somos"},"content":{"rendered":"\t\t<div data-elementor-type=\"wp-page\" data-elementor-id=\"665\" class=\"elementor elementor-665\" data-elementor-post-type=\"page\">\n\t\t\t\t<div class=\"elementor-element elementor-element-e1ec3b7 e-flex e-con-boxed e-con e-parent\" data-id=\"e1ec3b7\" data-element_type=\"container\" data-e-type=\"container\" data-settings=\"{&quot;background_background&quot;:&quot;classic&quot;}\">\n\t\t\t\t\t<div class=\"e-con-inner\">\n\t\t\t\t<div class=\"elementor-element elementor-element-62eaa5c elementor-widget elementor-widget-heading\" data-id=\"62eaa5c\" data-element_type=\"widget\" data-e-type=\"widget\" data-widget_type=\"heading.default\">\n\t\t\t\t\t<h1 class=\"elementor-heading-title elementor-size-default\">QUEM SOMOS<\/h1>\t\t\t\t<\/div>\n\t\t\t\t\t<\/div>\n\t\t\t\t<\/div>\n\t\t<div class=\"elementor-element elementor-element-8d8f511 e-flex e-con-boxed e-con e-parent\" data-id=\"8d8f511\" data-element_type=\"container\" data-e-type=\"container\" data-settings=\"{&quot;background_background&quot;:&quot;classic&quot;}\">\n\t\t\t\t\t<div class=\"e-con-inner\">\n\t\t\t\t<div class=\"elementor-element elementor-element-eb5654d elementor-widget elementor-widget-heading\" data-id=\"eb5654d\" data-element_type=\"widget\" data-e-type=\"widget\" data-widget_type=\"heading.default\">\n\t\t\t\t\t<h3 class=\"elementor-heading-title elementor-size-default\">DIRETORIA EXECUTIVA<\/h3>\t\t\t\t<\/div>\n\t\t\t\t<div class=\"elementor-element elementor-element-8de66b7 elementor-align-start elementor-icon-list--layout-traditional elementor-list-item-link-full_width elementor-widget elementor-widget-icon-list\" data-id=\"8de66b7\" data-element_type=\"widget\" data-e-type=\"widget\" data-widget_type=\"icon-list.default\">\n\t\t\t\t\t\t\t<ul class=\"elementor-icon-list-items\">\n\t\t\t\t\t\t\t<li class=\"elementor-icon-list-item\">\n\t\t\t\t\t\t\t\t\t\t\t<span class=\"elementor-icon-list-icon\">\n\t\t\t\t\t\t\t<svg aria-hidden=\"true\" class=\"e-font-icon-svg e-fas-user-tie\" viewBox=\"0 0 448 512\" xmlns=\"http:\/\/www.w3.org\/2000\/svg\"><path d=\"M224 256c70.7 0 128-57.3 128-128S294.7 0 224 0 96 57.3 96 128s57.3 128 128 128zm95.8 32.6L272 480l-32-136 32-56h-96l32 56-32 136-47.8-191.4C56.9 292 0 350.3 0 422.4V464c0 26.5 21.5 48 48 48h352c26.5 0 48-21.5 48-48v-41.6c0-72.1-56.9-130.4-128.2-133.8z\"><\/path><\/svg>\t\t\t\t\t\t<\/span>\n\t\t\t\t\t\t\t\t\t\t<span class=\"elementor-icon-list-text\">Presidente \u2014 Carmen Rocha<\/span>\n\t\t\t\t\t\t\t\t\t<\/li>\n\t\t\t\t\t\t\t\t<li class=\"elementor-icon-list-item\">\n\t\t\t\t\t\t\t\t\t\t\t<span class=\"elementor-icon-list-icon\">\n\t\t\t\t\t\t\t<svg aria-hidden=\"true\" class=\"e-font-icon-svg e-fas-briefcase\" viewBox=\"0 0 512 512\" xmlns=\"http:\/\/www.w3.org\/2000\/svg\"><path d=\"M320 336c0 8.84-7.16 16-16 16h-96c-8.84 0-16-7.16-16-16v-48H0v144c0 25.6 22.4 48 48 48h416c25.6 0 48-22.4 48-48V288H320v48zm144-208h-80V80c0-25.6-22.4-48-48-48H176c-25.6 0-48 22.4-48 48v48H48c-25.6 0-48 22.4-48 48v80h512v-80c0-25.6-22.4-48-48-48zm-144 0H192V96h128v32z\"><\/path><\/svg>\t\t\t\t\t\t<\/span>\n\t\t\t\t\t\t\t\t\t\t<span class=\"elementor-icon-list-text\">Diretora executiva \u2014 Sarah Rocha<\/span>\n\t\t\t\t\t\t\t\t\t<\/li>\n\t\t\t\t\t\t\t\t<li class=\"elementor-icon-list-item\">\n\t\t\t\t\t\t\t\t\t\t\t<span class=\"elementor-icon-list-icon\">\n\t\t\t\t\t\t\t<svg aria-hidden=\"true\" class=\"e-font-icon-svg e-fas-graduation-cap\" viewBox=\"0 0 640 512\" xmlns=\"http:\/\/www.w3.org\/2000\/svg\"><path d=\"M622.34 153.2L343.4 67.5c-15.2-4.67-31.6-4.67-46.79 0L17.66 153.2c-23.54 7.23-23.54 38.36 0 45.59l48.63 14.94c-10.67 13.19-17.23 29.28-17.88 46.9C38.78 266.15 32 276.11 32 288c0 10.78 5.68 19.85 13.86 25.65L20.33 428.53C18.11 438.52 25.71 448 35.94 448h56.11c10.24 0 17.84-9.48 15.62-19.47L82.14 313.65C90.32 307.85 96 298.78 96 288c0-11.57-6.47-21.25-15.66-26.87.76-15.02 8.44-28.3 20.69-36.72L296.6 284.5c9.06 2.78 26.44 6.25 46.79 0l278.95-85.7c23.55-7.24 23.55-38.36 0-45.6zM352.79 315.09c-28.53 8.76-52.84 3.92-65.59 0l-145.02-44.55L128 384c0 35.35 85.96 64 192 64s192-28.65 192-64l-14.18-113.47-145.03 44.56z\"><\/path><\/svg>\t\t\t\t\t\t<\/span>\n\t\t\t\t\t\t\t\t\t\t<span class=\"elementor-icon-list-text\">Diretor acad\u00eamico \u2014 Leonardo Paix\u00e3o<\/span>\n\t\t\t\t\t\t\t\t\t<\/li>\n\t\t\t\t\t\t\t\t<li class=\"elementor-icon-list-item\">\n\t\t\t\t\t\t\t\t\t\t\t<span class=\"elementor-icon-list-icon\">\n\t\t\t\t\t\t\t<svg aria-hidden=\"true\" class=\"e-font-icon-svg e-fas-clipboard-list\" viewBox=\"0 0 384 512\" xmlns=\"http:\/\/www.w3.org\/2000\/svg\"><path d=\"M336 64h-80c0-35.3-28.7-64-64-64s-64 28.7-64 64H48C21.5 64 0 85.5 0 112v352c0 26.5 21.5 48 48 48h288c26.5 0 48-21.5 48-48V112c0-26.5-21.5-48-48-48zM96 424c-13.3 0-24-10.7-24-24s10.7-24 24-24 24 10.7 24 24-10.7 24-24 24zm0-96c-13.3 0-24-10.7-24-24s10.7-24 24-24 24 10.7 24 24-10.7 24-24 24zm0-96c-13.3 0-24-10.7-24-24s10.7-24 24-24 24 10.7 24 24-10.7 24-24 24zm96-192c13.3 0 24 10.7 24 24s-10.7 24-24 24-24-10.7-24-24 10.7-24 24-24zm128 368c0 4.4-3.6 8-8 8H168c-4.4 0-8-3.6-8-8v-16c0-4.4 3.6-8 8-8h144c4.4 0 8 3.6 8 8v16zm0-96c0 4.4-3.6 8-8 8H168c-4.4 0-8-3.6-8-8v-16c0-4.4 3.6-8 8-8h144c4.4 0 8 3.6 8 8v16zm0-96c0 4.4-3.6 8-8 8H168c-4.4 0-8-3.6-8-8v-16c0-4.4 3.6-8 8-8h144c4.4 0 8 3.6 8 8v16z\"><\/path><\/svg>\t\t\t\t\t\t<\/span>\n\t\t\t\t\t\t\t\t\t\t<span class=\"elementor-icon-list-text\">Coordenadora geral do projeto \u2014 Danielle Barcelos<\/span>\n\t\t\t\t\t\t\t\t\t<\/li>\n\t\t\t\t\t\t<\/ul>\n\t\t\t\t\t\t<\/div>\n\t\t\t\t<div class=\"elementor-element elementor-element-b198a7e elementor-widget elementor-widget-heading\" data-id=\"b198a7e\" data-element_type=\"widget\" data-e-type=\"widget\" data-widget_type=\"heading.default\">\n\t\t\t\t\t<h3 class=\"elementor-heading-title elementor-size-default\">CHEFS<\/h3>\t\t\t\t<\/div>\n\t\t\t\t<div class=\"elementor-element elementor-element-1c51193 elementor-widget elementor-widget-text-editor\" data-id=\"1c51193\" data-element_type=\"widget\" data-e-type=\"widget\" data-widget_type=\"text-editor.default\">\n\t\t\t\t\t\t\t\t\t<p>Conhe\u00e7a os chefs que assinam a forma\u00e7\u00e3o t\u00e9cnica e a excel\u00eancia gastron\u00f4mica do INHAC.<\/p>\t\t\t\t\t\t\t\t<\/div>\n\t\t<div class=\"elementor-element elementor-element-ac1eabf e-flex e-con-full e-con e-child\" data-id=\"ac1eabf\" data-element_type=\"container\" data-e-type=\"container\">\n\t\t<div class=\"elementor-element elementor-element-47ba177 e-flex e-con-full e-con e-child\" data-id=\"47ba177\" data-element_type=\"container\" data-e-type=\"container\" data-settings=\"{&quot;background_background&quot;:&quot;classic&quot;}\">\n\t\t\t\t<div class=\"elementor-element elementor-element-bbe42a5 elementor-widget elementor-widget-image\" data-id=\"bbe42a5\" data-element_type=\"widget\" data-e-type=\"widget\" data-widget_type=\"image.default\">\n\t\t\t\t\t\t\t\t\t\t\t\t\t\t\t<img fetchpriority=\"high\" decoding=\"async\" width=\"600\" height=\"800\" src=\"https:\/\/embrevenoar.com.br\/novo-inhac\/wp-content\/uploads\/2026\/07\/leo-paixao-card.jpg.webp\" class=\"attachment-large size-large wp-image-868\" alt=\"\" srcset=\"https:\/\/embrevenoar.com.br\/novo-inhac\/wp-content\/uploads\/2026\/07\/leo-paixao-card.jpg.webp 600w, https:\/\/embrevenoar.com.br\/novo-inhac\/wp-content\/uploads\/2026\/07\/leo-paixao-card-225x300.jpg.webp 225w\" sizes=\"(max-width: 600px) 100vw, 600px\" \/>\t\t\t\t\t\t\t\t\t\t\t\t\t\t\t<\/div>\n\t\t\t\t<div class=\"elementor-element elementor-element-b70ad82 elementor-widget elementor-widget-heading\" data-id=\"b70ad82\" data-element_type=\"widget\" data-e-type=\"widget\" data-widget_type=\"heading.default\">\n\t\t\t\t\t<h4 class=\"elementor-heading-title elementor-size-default\">Chef Leo Paix\u00e3o<\/h4>\t\t\t\t<\/div>\n\t\t\t\t<div class=\"elementor-element elementor-element-b424ab1 elementor-widget elementor-widget-text-editor\" data-id=\"b424ab1\" data-element_type=\"widget\" data-e-type=\"widget\" data-widget_type=\"text-editor.default\">\n\t\t\t\t\t\t\t\t\t<p>Chef mineiro, formado em Medicina pela UFMG e em cozinha francesa pela Ferrandi (Paris). Ap\u00f3s est\u00e1gios com chefs estrelados, abriu o Glouton e o Nicolau. Jurado do Mestre do Sabor e refer\u00eancia nacional em gastronomia.<\/p>\t\t\t\t\t\t\t\t<\/div>\n\t\t\t\t<\/div>\n\t\t<div class=\"elementor-element elementor-element-9ac806c e-flex e-con-full e-con e-child\" data-id=\"9ac806c\" data-element_type=\"container\" data-e-type=\"container\" data-settings=\"{&quot;background_background&quot;:&quot;classic&quot;}\">\n\t\t\t\t<div class=\"elementor-element elementor-element-0cc0e7e elementor-widget elementor-widget-image\" data-id=\"0cc0e7e\" data-element_type=\"widget\" data-e-type=\"widget\" data-widget_type=\"image.default\">\n\t\t\t\t\t\t\t\t\t\t\t\t\t\t\t<img decoding=\"async\" width=\"768\" height=\"1024\" src=\"https:\/\/embrevenoar.com.br\/novo-inhac\/wp-content\/uploads\/2026\/07\/midia-oliveira-card-768x1024.jpg.webp\" class=\"attachment-large size-large wp-image-866\" alt=\"\" srcset=\"https:\/\/embrevenoar.com.br\/novo-inhac\/wp-content\/uploads\/2026\/07\/midia-oliveira-card-768x1024.jpg.webp 768w, https:\/\/embrevenoar.com.br\/novo-inhac\/wp-content\/uploads\/2026\/07\/midia-oliveira-card-225x300.jpg.webp 225w, https:\/\/embrevenoar.com.br\/novo-inhac\/wp-content\/uploads\/2026\/07\/midia-oliveira-card.jpg.webp 900w\" sizes=\"(max-width: 768px) 100vw, 768px\" \/>\t\t\t\t\t\t\t\t\t\t\t\t\t\t\t<\/div>\n\t\t\t\t<div class=\"elementor-element elementor-element-babc43f elementor-widget elementor-widget-heading\" data-id=\"babc43f\" data-element_type=\"widget\" data-e-type=\"widget\" data-widget_type=\"heading.default\">\n\t\t\t\t\t<h4 class=\"elementor-heading-title elementor-size-default\">Chef Midi\u00e3 Oliveira<\/h4>\t\t\t\t<\/div>\n\t\t\t\t<div class=\"elementor-element elementor-element-ec6f5fe elementor-widget elementor-widget-text-editor\" data-id=\"ec6f5fe\" data-element_type=\"widget\" data-e-type=\"widget\" data-widget_type=\"text-editor.default\">\n\t\t\t\t\t\t\t\t\t<p>Graduada em Gastronomia, com especializa\u00e7\u00e3o em Gest\u00e3o de Neg\u00f3cios Gastron\u00f4micos. Iniciou a carreira no Glouton com Leo Paix\u00e3o. Atua como consultora e professora de gastronomia.<\/p>\t\t\t\t\t\t\t\t<\/div>\n\t\t\t\t<\/div>\n\t\t<div class=\"elementor-element elementor-element-c92b072 e-flex e-con-full e-con e-child\" data-id=\"c92b072\" data-element_type=\"container\" data-e-type=\"container\" data-settings=\"{&quot;background_background&quot;:&quot;classic&quot;}\">\n\t\t\t\t<div class=\"elementor-element elementor-element-ade6de2 elementor-widget elementor-widget-image\" data-id=\"ade6de2\" data-element_type=\"widget\" data-e-type=\"widget\" data-widget_type=\"image.default\">\n\t\t\t\t\t\t\t\t\t\t\t\t\t\t\t<img decoding=\"async\" width=\"768\" height=\"1024\" src=\"https:\/\/embrevenoar.com.br\/novo-inhac\/wp-content\/uploads\/2026\/07\/felipe-galastro-card-768x1024.jpg.webp\" class=\"attachment-large size-large wp-image-867\" alt=\"\" srcset=\"https:\/\/embrevenoar.com.br\/novo-inhac\/wp-content\/uploads\/2026\/07\/felipe-galastro-card-768x1024.jpg.webp 768w, https:\/\/embrevenoar.com.br\/novo-inhac\/wp-content\/uploads\/2026\/07\/felipe-galastro-card-225x300.jpg.webp 225w, https:\/\/embrevenoar.com.br\/novo-inhac\/wp-content\/uploads\/2026\/07\/felipe-galastro-card.jpg.webp 900w\" sizes=\"(max-width: 768px) 100vw, 768px\" \/>\t\t\t\t\t\t\t\t\t\t\t\t\t\t\t<\/div>\n\t\t\t\t<div class=\"elementor-element elementor-element-aa2ef89 elementor-widget elementor-widget-heading\" data-id=\"aa2ef89\" data-element_type=\"widget\" data-e-type=\"widget\" data-widget_type=\"heading.default\">\n\t\t\t\t\t<h4 class=\"elementor-heading-title elementor-size-default\">Chef Felipe Galastro<\/h4>\t\t\t\t<\/div>\n\t\t\t\t<div class=\"elementor-element elementor-element-c4841fb elementor-widget elementor-widget-text-editor\" data-id=\"c4841fb\" data-element_type=\"widget\" data-e-type=\"widget\" data-widget_type=\"text-editor.default\">\n\t\t\t\t\t\t\t\t\t<p>H\u00e1 mais de 20 anos no ramo, \u00e9 gastr\u00f4nomo, cozinheiro e assador profissional. Especialista em carnes, charcutaria artesanal, fermenta\u00e7\u00f5es e fogo de ch\u00e3o.<\/p>\t\t\t\t\t\t\t\t<\/div>\n\t\t\t\t<\/div>\n\t\t\t\t<\/div>\n\t\t\t\t\t<\/div>\n\t\t\t\t<\/div>\n\t\t\t\t<\/div>\n\t\t","protected":false},"excerpt":{"rendered":"<p>QUEM SOMOS DIRETORIA EXECUTIVA Presidente \u2014 Carmen Rocha Diretora executiva \u2014 Sarah Rocha Diretor acad\u00eamico \u2014 Leonardo Paix\u00e3o Coordenadora geral do projeto \u2014 Danielle Barcelos CHEFS Conhe\u00e7a os chefs que assinam a forma\u00e7\u00e3o t\u00e9cnica e a excel\u00eancia gastron\u00f4mica do INHAC. Chef Leo Paix\u00e3o Chef mineiro, formado em Medicina pela UFMG e em cozinha francesa pela [&hellip;]<\/p>\n","protected":false},"author":1,"featured_media":0,"parent":0,"menu_order":0,"comment_status":"closed","ping_status":"closed","template":"","meta":{"footnotes":""},"class_list":["post-665","page","type-page","status-publish","hentry"],"_links":{"self":[{"href":"https:\/\/embrevenoar.com.br\/novo-inhac\/wp-json\/wp\/v2\/pages\/665","targetHints":{"allow":["GET"]}}],"collection":[{"href":"https:\/\/embrevenoar.com.br\/novo-inhac\/wp-json\/wp\/v2\/pages"}],"about":[{"href":"https:\/\/embrevenoar.com.br\/novo-inhac\/wp-json\/wp\/v2\/types\/page"}],"author":[{"embeddable":true,"href":"https:\/\/embrevenoar.com.br\/novo-inhac\/wp-json\/wp\/v2\/users\/1"}],"replies":[{"embeddable":true,"href":"https:\/\/embrevenoar.com.br\/novo-inhac\/wp-json\/wp\/v2\/comments?post=665"}],"version-history":[{"count":10,"href":"https:\/\/embrevenoar.com.br\/novo-inhac\/wp-json\/wp\/v2\/pages\/665\/revisions"}],"predecessor-version":[{"id":878,"href":"https:\/\/embrevenoar.com.br\/novo-inhac\/wp-json\/wp\/v2\/pages\/665\/revisions\/878"}],"wp:attachment":[{"href":"https:\/\/embrevenoar.com.br\/novo-inhac\/wp-json\/wp\/v2\/media?parent=665"}],"curies":[{"name":"wp","href":"https:\/\/api.w.org\/{rel}","templated":true}]}}