{"id":161,"date":"2026-08-22T00:56:23","date_gmt":"2026-08-22T00:56:23","guid":{"rendered":"https:\/\/embrevenoar.com.br\/novo-livea\/casacor-2025\/"},"modified":"2026-08-22T01:53:24","modified_gmt":"2026-08-22T01:53:24","slug":"casacor-2025","status":"publish","type":"page","link":"https:\/\/embrevenoar.com.br\/novo-livea\/casacor-2025\/","title":{"rendered":"CASACOR 2025"},"content":{"rendered":"\t\t<div data-elementor-type=\"wp-page\" data-elementor-id=\"161\" class=\"elementor elementor-161\" data-elementor-post-type=\"page\">\n\t\t\t\t<div class=\"elementor-element elementor-element-d85cf66 e-flex e-con-full e-con e-parent\" data-id=\"d85cf66\" data-element_type=\"container\" data-e-type=\"container\" data-settings=\"{&quot;background_background&quot;:&quot;classic&quot;}\">\n\t\t\t\t<div class=\"elementor-element elementor-element-8d91622 elementor-widget elementor-widget-text-editor\" data-id=\"8d91622\" data-element_type=\"widget\" data-e-type=\"widget\" data-widget_type=\"text-editor.default\">\n\t\t\t\t\t\t\t\t\t<p>CASACOR 2025 | Casa Brastemp<\/p>\t\t\t\t\t\t\t\t<\/div>\n\t\t\t\t<div class=\"elementor-element elementor-element-f941f86 elementor-widget elementor-widget-heading\" data-id=\"f941f86\" data-element_type=\"widget\" data-e-type=\"widget\" data-widget_type=\"heading.default\">\n\t\t\t\t\t<h1 class=\"elementor-heading-title elementor-size-default\">Casa Brastemp<\/h1>\t\t\t\t<\/div>\n\t\t\t\t<div class=\"elementor-element elementor-element-f553a4c elementor-widget elementor-widget-text-editor\" data-id=\"f553a4c\" data-element_type=\"widget\" data-e-type=\"widget\" data-widget_type=\"text-editor.default\">\n\t\t\t\t\t\t\t\t\t<p>Na CASACOR 2025, a Casa Brastemp traduz materialidade, tecnologia e conviv\u00eancia em uma experi\u00eancia de morar e receber. O projeto re\u00fane materiais naturais, tons marcantes e uma leitura contempor\u00e2nea do encontro entre cozinha, hospitalidade e vida real.<\/p>\t\t\t\t\t\t\t\t<\/div>\n\t\t\t\t<\/div>\n\t\t<div class=\"elementor-element elementor-element-b4c3f78 e-flex e-con-boxed e-con e-parent\" data-id=\"b4c3f78\" data-element_type=\"container\" data-e-type=\"container\">\n\t\t\t\t\t<div class=\"e-con-inner\">\n\t\t<div class=\"elementor-element elementor-element-cf07665 e-flex e-con-full e-con e-child\" data-id=\"cf07665\" data-element_type=\"container\" data-e-type=\"container\">\n\t\t\t\t<div class=\"elementor-element elementor-element-29359ec elementor-widget elementor-widget-heading\" data-id=\"29359ec\" data-element_type=\"widget\" data-e-type=\"widget\" data-widget_type=\"heading.default\">\n\t\t\t\t\t<h2 class=\"elementor-heading-title elementor-size-default\">Um espa\u00e7o para viver, cozinhar e receber<\/h2>\t\t\t\t<\/div>\n\t\t\t\t<div class=\"elementor-element elementor-element-6d1a47b elementor-widget elementor-widget-text-editor\" data-id=\"6d1a47b\" data-element_type=\"widget\" data-e-type=\"widget\" data-widget_type=\"text-editor.default\">\n\t\t\t\t\t\t\t\t\t<p>A participa\u00e7\u00e3o na CASACOR Minas fortalece a trajet\u00f3ria do escrit\u00f3rio e apresenta a vis\u00e3o da L\u00edvea Esteves para ambientes de alto padr\u00e3o: espa\u00e7os conectados ao lazer, \u00e0 conviv\u00eancia, \u00e0 funcionalidade e ao prazer.<\/p>\t\t\t\t\t\t\t\t<\/div>\n\t\t\t\t<div class=\"elementor-element elementor-element-e97f85a elementor-widget elementor-widget-button\" data-id=\"e97f85a\" data-element_type=\"widget\" data-e-type=\"widget\" data-widget_type=\"button.default\">\n\t\t\t\t\t\t\t\t\t\t<a class=\"elementor-button elementor-button-link elementor-size-sm\" href=\"\/novo-livea\/contato\/\">\n\t\t\t\t\t\t<span class=\"elementor-button-content-wrapper\">\n\t\t\t\t\t\t\t\t\t<span class=\"elementor-button-text\">Falar sobre meu projeto<\/span>\n\t\t\t\t\t<\/span>\n\t\t\t\t\t<\/a>\n\t\t\t\t\t\t\t\t<\/div>\n\t\t\t\t<\/div>\n\t\t<div class=\"elementor-element elementor-element-fa31659 e-flex e-con-full e-con e-child\" data-id=\"fa31659\" data-element_type=\"container\" data-e-type=\"container\">\n\t\t\t\t<div class=\"elementor-element elementor-element-b6a8d3b elementor-widget elementor-widget-image\" data-id=\"b6a8d3b\" data-element_type=\"widget\" data-e-type=\"widget\" data-widget_type=\"image.default\">\n\t\t\t\t\t\t\t\t\t\t\t\t\t\t\t<img fetchpriority=\"high\" decoding=\"async\" width=\"2200\" height=\"1466\" src=\"https:\/\/embrevenoar.com.br\/novo-livea\/wp-content\/uploads\/2026\/08\/livea-hero-fachada-piscina.jpg\" class=\"attachment-full size-full wp-image-244\" alt=\"Fachada com piscina em projeto de L\u00edvea Esteves\" srcset=\"https:\/\/embrevenoar.com.br\/novo-livea\/wp-content\/uploads\/2026\/08\/livea-hero-fachada-piscina.jpg 2200w, https:\/\/embrevenoar.com.br\/novo-livea\/wp-content\/uploads\/2026\/08\/livea-hero-fachada-piscina-300x200.jpg 300w, https:\/\/embrevenoar.com.br\/novo-livea\/wp-content\/uploads\/2026\/08\/livea-hero-fachada-piscina-1024x682.jpg 1024w, https:\/\/embrevenoar.com.br\/novo-livea\/wp-content\/uploads\/2026\/08\/livea-hero-fachada-piscina-768x512.jpg 768w, https:\/\/embrevenoar.com.br\/novo-livea\/wp-content\/uploads\/2026\/08\/livea-hero-fachada-piscina-1536x1024.jpg 1536w, https:\/\/embrevenoar.com.br\/novo-livea\/wp-content\/uploads\/2026\/08\/livea-hero-fachada-piscina-2048x1365.jpg 2048w\" sizes=\"(max-width: 2200px) 100vw, 2200px\" \/>\t\t\t\t\t\t\t\t\t\t\t\t\t\t\t<\/div>\n\t\t\t\t<\/div>\n\t\t\t\t\t<\/div>\n\t\t\t\t<\/div>\n\t\t\t\t<\/div>\n\t\t","protected":false},"excerpt":{"rendered":"<p>CASACOR 2025 | Casa Brastemp Casa Brastemp Na CASACOR 2025, a Casa Brastemp traduz materialidade, tecnologia e conviv\u00eancia em uma experi\u00eancia de morar e receber. O projeto re\u00fane materiais naturais, tons marcantes e uma leitura contempor\u00e2nea do encontro entre cozinha, hospitalidade e vida real. Um espa\u00e7o para viver, cozinhar e receber A participa\u00e7\u00e3o na CASACOR [&hellip;]<\/p>\n","protected":false},"author":1,"featured_media":0,"parent":0,"menu_order":0,"comment_status":"closed","ping_status":"closed","template":"elementor_canvas","meta":{"footnotes":""},"class_list":["post-161","page","type-page","status-publish","hentry"],"_links":{"self":[{"href":"https:\/\/embrevenoar.com.br\/novo-livea\/wp-json\/wp\/v2\/pages\/161","targetHints":{"allow":["GET"]}}],"collection":[{"href":"https:\/\/embrevenoar.com.br\/novo-livea\/wp-json\/wp\/v2\/pages"}],"about":[{"href":"https:\/\/embrevenoar.com.br\/novo-livea\/wp-json\/wp\/v2\/types\/page"}],"author":[{"embeddable":true,"href":"https:\/\/embrevenoar.com.br\/novo-livea\/wp-json\/wp\/v2\/users\/1"}],"replies":[{"embeddable":true,"href":"https:\/\/embrevenoar.com.br\/novo-livea\/wp-json\/wp\/v2\/comments?post=161"}],"version-history":[{"count":3,"href":"https:\/\/embrevenoar.com.br\/novo-livea\/wp-json\/wp\/v2\/pages\/161\/revisions"}],"predecessor-version":[{"id":266,"href":"https:\/\/embrevenoar.com.br\/novo-livea\/wp-json\/wp\/v2\/pages\/161\/revisions\/266"}],"wp:attachment":[{"href":"https:\/\/embrevenoar.com.br\/novo-livea\/wp-json\/wp\/v2\/media?parent=161"}],"curies":[{"name":"wp","href":"https:\/\/api.w.org\/{rel}","templated":true}]}}