{"id":316,"date":"2026-02-25T20:04:42","date_gmt":"2026-02-25T20:04:42","guid":{"rendered":"https:\/\/embrevenoar.com.br\/ppg\/?page_id=316"},"modified":"2026-02-25T23:12:46","modified_gmt":"2026-02-25T23:12:46","slug":"historico-e-objetivos","status":"publish","type":"page","link":"https:\/\/embrevenoar.com.br\/ppg\/historico-e-objetivos\/","title":{"rendered":"Hist\u00f3rico e objetivos"},"content":{"rendered":"\t\t<div data-elementor-type=\"wp-page\" data-elementor-id=\"316\" class=\"elementor elementor-316\" data-elementor-post-type=\"page\">\n\t\t\t\t<div class=\"elementor-element elementor-element-14a701fb e-flex e-con-boxed e-con e-parent\" data-id=\"14a701fb\" data-element_type=\"container\" data-e-type=\"container\">\n\t\t\t\t\t<div class=\"e-con-inner\">\n\t\t\t\t<div class=\"elementor-element elementor-element-3b01eaf9 elementor-widget elementor-widget-spacer\" data-id=\"3b01eaf9\" data-element_type=\"widget\" data-e-type=\"widget\" data-widget_type=\"spacer.default\">\n\t\t\t\t\t\t\t<div class=\"elementor-spacer\">\n\t\t\t<div class=\"elementor-spacer-inner\"><\/div>\n\t\t<\/div>\n\t\t\t\t\t\t<\/div>\n\t\t\t\t\t<\/div>\n\t\t\t\t<\/div>\n\t\t<div class=\"elementor-element elementor-element-627a191a e-con-full e-flex e-con e-parent\" data-id=\"627a191a\" data-element_type=\"container\" data-e-type=\"container\">\n\t\t<div class=\"elementor-element elementor-element-222cf0d4 e-flex e-con-boxed e-con e-child\" data-id=\"222cf0d4\" data-element_type=\"container\" data-e-type=\"container\" data-settings=\"{&quot;background_background&quot;:&quot;classic&quot;}\">\n\t\t\t\t\t<div class=\"e-con-inner\">\n\t\t<div class=\"elementor-element elementor-element-1f5091ad e-con-full e-flex e-con e-child\" data-id=\"1f5091ad\" data-element_type=\"container\" data-e-type=\"container\">\n\t\t\t\t<div class=\"elementor-element elementor-element-2043a7 elementor-icon-list--layout-inline elementor-mobile-align-center elementor-list-item-link-full_width elementor-widget elementor-widget-icon-list\" data-id=\"2043a7\" data-element_type=\"widget\" data-e-type=\"widget\" data-widget_type=\"icon-list.default\">\n\t\t\t\t\t\t\t<ul class=\"elementor-icon-list-items elementor-inline-items\">\n\t\t\t\t\t\t\t<li class=\"elementor-icon-list-item elementor-inline-item\">\n\t\t\t\t\t\t\t\t\t\t<span class=\"elementor-icon-list-text\">Programa<\/span>\n\t\t\t\t\t\t\t\t\t<\/li>\n\t\t\t\t\t\t\t\t<li class=\"elementor-icon-list-item elementor-inline-item\">\n\t\t\t\t\t\t\t\t\t\t<span class=\"elementor-icon-list-text\">Hist\u00f3rico e objetivos<\/span>\n\t\t\t\t\t\t\t\t\t<\/li>\n\t\t\t\t\t\t<\/ul>\n\t\t\t\t\t\t<\/div>\n\t\t\t\t<div class=\"elementor-element elementor-element-dbe8393 elementor-widget elementor-widget-heading\" data-id=\"dbe8393\" data-element_type=\"widget\" data-e-type=\"widget\" data-widget_type=\"heading.default\">\n\t\t\t\t\t<h2 class=\"elementor-heading-title elementor-size-default\">Hist\u00f3rico e objetivos<\/h2>\t\t\t\t<\/div>\n\t\t\t\t<\/div>\n\t\t<div class=\"elementor-element elementor-element-7e90057d e-con-full e-flex e-con e-child\" data-id=\"7e90057d\" data-element_type=\"container\" data-e-type=\"container\">\n\t\t\t\t<\/div>\n\t\t\t\t\t<\/div>\n\t\t\t\t<\/div>\n\t\t\t\t<\/div>\n\t\t<div class=\"elementor-element elementor-element-59937ed e-flex e-con-boxed e-con e-parent\" data-id=\"59937ed\" data-element_type=\"container\" data-e-type=\"container\">\n\t\t\t\t\t<div class=\"e-con-inner\">\n\t\t<div class=\"elementor-element elementor-element-6a8768d2 e-con-full e-flex e-con e-child\" data-id=\"6a8768d2\" data-element_type=\"container\" data-e-type=\"container\">\n\t\t\t\t<div class=\"elementor-element elementor-element-189c8d50 elementor-headline--style-highlight elementor-widget elementor-widget-animated-headline\" data-id=\"189c8d50\" data-element_type=\"widget\" data-e-type=\"widget\" data-settings=\"{&quot;marker&quot;:&quot;underline&quot;,&quot;highlighted_text&quot;:&quot;hist\\u00f3ria&quot;,&quot;headline_style&quot;:&quot;highlight&quot;,&quot;loop&quot;:&quot;yes&quot;,&quot;highlight_animation_duration&quot;:1200,&quot;highlight_iteration_delay&quot;:8000}\" data-widget_type=\"animated-headline.default\">\n\t\t\t\t\t\t\t<h3 class=\"elementor-headline\">\n\t\t\t\t\t<span class=\"elementor-headline-plain-text elementor-headline-text-wrapper\">Um pouco de <\/span>\n\t\t\t\t<span class=\"elementor-headline-dynamic-wrapper elementor-headline-text-wrapper\">\n\t\t\t\t\t<span class=\"elementor-headline-dynamic-text elementor-headline-text-active\">hist\u00f3ria<\/span>\n\t\t\t\t<\/span>\n\t\t\t\t<\/h3>\n\t\t\t\t\t\t<\/div>\n\t\t\t\t<div class=\"elementor-element elementor-element-b949a21 elementor-widget elementor-widget-text-editor\" data-id=\"b949a21\" data-element_type=\"widget\" data-e-type=\"widget\" data-widget_type=\"text-editor.default\">\n\t\t\t\t\t\t\t\t\t<p><span style=\"font-weight: 400;\">O Programa de P\u00f3s-Gradua\u00e7\u00e3o em Geografia (PPGEO) da UFMG teve in\u00edcio em 1988 com a cria\u00e7\u00e3o do curso de mestrado, cuja base foi constru\u00edda a partir de dois cursos de especializa\u00e7\u00e3o: \u201cAn\u00e1lise Ambiental para o Gerenciamento de Recursos Naturais\u201d (a partir de 1986) e \u201cPercep\u00e7\u00e3o Ambiental e Espa\u00e7o Urbano\u201d (a partir de 1987). No in\u00edcio, o mestrado se estruturou em torno de duas \u00e1reas de concentra\u00e7\u00e3o: \u201cGeografia e An\u00e1lise Ambiental\u201d e \u201cGeografia e Organiza\u00e7\u00e3o Humana do Espa\u00e7o\u201d. A abordagem interdisciplinar do ensino e da pesquisa em Geografia logo tornou o curso atraente para candidatos de diferentes \u00e1reas do conhecimento, como Arquitetura, Biologia, Economia, Sociologia e Geologia.<\/span><\/p>\t\t\t\t\t\t\t\t<\/div>\n\t\t\t\t<div class=\"elementor-element elementor-element-0398bd3 elementor-widget elementor-widget-text-editor\" data-id=\"0398bd3\" data-element_type=\"widget\" data-e-type=\"widget\" data-widget_type=\"text-editor.default\">\n\t\t\t\t\t\t\t\t\t<p><span style=\"font-weight: 400;\">Ao longo de uma d\u00e9cada, o curso de mestrado consolidou linhas de pesquisa bem definidas, sustentadas por uma produ\u00e7\u00e3o cient\u00edfica significativa e pela qualifica\u00e7\u00e3o cont\u00ednua do corpo docente. Esses fatores criaram uma base s\u00f3lida para a implementa\u00e7\u00e3o do curso de doutorado em 2003.<\/span><\/p>\t\t\t\t\t\t\t\t<\/div>\n\t\t\t\t<div class=\"elementor-element elementor-element-91996b3 elementor-widget elementor-widget-text-editor\" data-id=\"91996b3\" data-element_type=\"widget\" data-e-type=\"widget\" data-widget_type=\"text-editor.default\">\n\t\t\t\t\t\t\t\t\t<p><span style=\"font-weight: 400;\">Com o lan\u00e7amento do doutorado, a p\u00f3s-gradua\u00e7\u00e3o assumiu o status de programa \u2013 o PPGEO\/UFMG \u2013 oferecendo ambos os n\u00edveis (mestrado e doutorado) na modalidade acad\u00eamica. A estrutura curricular foi ent\u00e3o reestruturada para integrar o novo n\u00edvel, garantindo uma continuidade te\u00f3rico-metodol\u00f3gica entre os cursos e promovendo uma produ\u00e7\u00e3o de conhecimento mais aprofundada e de alta qualidade. <\/span><\/p>\t\t\t\t\t\t\t\t<\/div>\n\t\t\t\t<div class=\"elementor-element elementor-element-3d20452 elementor-widget elementor-widget-text-editor\" data-id=\"3d20452\" data-element_type=\"widget\" data-e-type=\"widget\" data-widget_type=\"text-editor.default\">\n\t\t\t\t\t\t\t\t\t<p><span style=\"font-weight: 400;\">O Programa se mant\u00e9m em constante atualiza\u00e7\u00e3o, incorporando novas tem\u00e1ticas aos estudos geogr\u00e1ficos e respondendo \u00e0s r\u00e1pidas transforma\u00e7\u00f5es dos processos espaciais e ambientais. Comprometido com o avan\u00e7o da sociedade brasileira, o Programa visa formar recursos humanos qualificados e promover o desenvolvimento cient\u00edfico e tecnol\u00f3gico.<\/span><\/p>\t\t\t\t\t\t\t\t<\/div>\n\t\t\t\t<\/div>\n\t\t\t\t\t<\/div>\n\t\t\t\t<\/div>\n\t\t<div class=\"elementor-element elementor-element-73af2e80 e-flex e-con-boxed e-con e-parent\" data-id=\"73af2e80\" data-element_type=\"container\" data-e-type=\"container\">\n\t\t\t\t\t<div class=\"e-con-inner\">\n\t\t<div class=\"elementor-element elementor-element-4ad86a6f e-con-full e-flex e-con e-child\" data-id=\"4ad86a6f\" data-element_type=\"container\" data-e-type=\"container\">\n\t\t\t\t<div class=\"elementor-element elementor-element-3da47bf7 elementor-headline--style-highlight elementor-widget elementor-widget-animated-headline\" data-id=\"3da47bf7\" data-element_type=\"widget\" data-e-type=\"widget\" data-settings=\"{&quot;marker&quot;:&quot;underline&quot;,&quot;highlighted_text&quot;:&quot;Objetivos&quot;,&quot;headline_style&quot;:&quot;highlight&quot;,&quot;highlight_animation_duration&quot;:1200}\" data-widget_type=\"animated-headline.default\">\n\t\t\t\t\t\t\t<h2 class=\"elementor-headline\">\n\t\t\t\t<span class=\"elementor-headline-dynamic-wrapper elementor-headline-text-wrapper\">\n\t\t\t\t\t<span class=\"elementor-headline-dynamic-text elementor-headline-text-active\">Objetivos<\/span>\n\t\t\t\t<\/span>\n\t\t\t\t<\/h2>\n\t\t\t\t\t\t<\/div>\n\t\t\t\t<div class=\"elementor-element elementor-element-21e335b elementor-widget-tablet__width-inherit elementor-widget elementor-widget-text-editor\" data-id=\"21e335b\" data-element_type=\"widget\" data-e-type=\"widget\" data-widget_type=\"text-editor.default\">\n\t\t\t\t\t\t\t\t\t<p><span style=\"font-weight: 400;\">Prepara\u00e7\u00e3o de pesquisadores dentro das \u00e1reas de concentra\u00e7\u00e3o e das linhas de pesquisa do Programa;<\/span><\/p>\t\t\t\t\t\t\t\t<\/div>\n\t\t\t\t<div class=\"elementor-element elementor-element-4ad82de elementor-widget-tablet__width-inherit elementor-widget elementor-widget-text-editor\" data-id=\"4ad82de\" data-element_type=\"widget\" data-e-type=\"widget\" data-widget_type=\"text-editor.default\">\n\t\t\t\t\t\t\t\t\t<p><span style=\"font-weight: 400;\">Forma\u00e7\u00e3o de docentes para o ensino de Geografia em diferentes n\u00edveis acad\u00eamicos;<\/span><\/p>\t\t\t\t\t\t\t\t<\/div>\n\t\t\t\t<div class=\"elementor-element elementor-element-00b7c62 elementor-widget-tablet__width-inherit elementor-widget elementor-widget-text-editor\" data-id=\"00b7c62\" data-element_type=\"widget\" data-e-type=\"widget\" data-widget_type=\"text-editor.default\">\n\t\t\t\t\t\t\t\t\t<p><span style=\"font-weight: 400;\">Desenvolvimento da pesquisa cient\u00edfica em Geografia;<\/span><\/p>\t\t\t\t\t\t\t\t<\/div>\n\t\t\t\t<div class=\"elementor-element elementor-element-6e4100f elementor-widget-tablet__width-inherit elementor-widget elementor-widget-text-editor\" data-id=\"6e4100f\" data-element_type=\"widget\" data-e-type=\"widget\" data-widget_type=\"text-editor.default\">\n\t\t\t\t\t\t\t\t\t<p><span style=\"font-weight: 400;\">Amplia\u00e7\u00e3o do campo de aplica\u00e7\u00e3o da geografia no planejamento regional, urbano e ambiental.<\/span><\/p>\t\t\t\t\t\t\t\t<\/div>\n\t\t\t\t<div class=\"elementor-element elementor-element-36b7946 elementor-widget-tablet__width-inherit elementor-widget elementor-widget-text-editor\" data-id=\"36b7946\" data-element_type=\"widget\" data-e-type=\"widget\" data-widget_type=\"text-editor.default\">\n\t\t\t\t\t\t\t\t\t<p><span style=\"font-weight: 400;\">Contribuir com o fortalecimento e amplia\u00e7\u00e3o da Geografia no Brasil e no mundo.<\/span><\/p>\t\t\t\t\t\t\t\t<\/div>\n\t\t\t\t<\/div>\n\t\t<div class=\"elementor-element elementor-element-794384d5 e-con-full e-flex e-con e-child\" data-id=\"794384d5\" data-element_type=\"container\" data-e-type=\"container\">\n\t\t\t\t<div class=\"elementor-element elementor-element-1f3b6934 elementor-widget elementor-widget-image\" data-id=\"1f3b6934\" data-element_type=\"widget\" data-e-type=\"widget\" data-widget_type=\"image.default\">\n\t\t\t\t\t\t\t\t\t\t\t\t\t\t\t<img fetchpriority=\"high\" decoding=\"async\" width=\"875\" height=\"712\" src=\"https:\/\/embrevenoar.com.br\/ppg\/wp-content\/uploads\/2026\/02\/img_0741_1.webp\" class=\"attachment-full size-full wp-image-346\" alt=\"\" srcset=\"https:\/\/embrevenoar.com.br\/ppg\/wp-content\/uploads\/2026\/02\/img_0741_1.webp 875w, https:\/\/embrevenoar.com.br\/ppg\/wp-content\/uploads\/2026\/02\/img_0741_1-300x244.webp 300w, https:\/\/embrevenoar.com.br\/ppg\/wp-content\/uploads\/2026\/02\/img_0741_1-768x625.webp 768w\" sizes=\"(max-width: 875px) 100vw, 875px\" \/>\t\t\t\t\t\t\t\t\t\t\t\t\t\t\t<\/div>\n\t\t\t\t<\/div>\n\t\t\t\t\t<\/div>\n\t\t\t\t<\/div>\n\t\t\t\t<\/div>\n\t\t","protected":false},"excerpt":{"rendered":"<p>Programa Hist\u00f3rico e objetivos Hist\u00f3rico e objetivos Um pouco de hist\u00f3ria O Programa de P\u00f3s-Gradua\u00e7\u00e3o em Geografia (PPGEO) da UFMG teve in\u00edcio em 1988 com a cria\u00e7\u00e3o do curso de mestrado, cuja base foi constru\u00edda a partir de dois cursos de especializa\u00e7\u00e3o: \u201cAn\u00e1lise Ambiental para o Gerenciamento de Recursos Naturais\u201d (a partir de 1986) e [&hellip;]<\/p>\n","protected":false},"author":1,"featured_media":0,"parent":0,"menu_order":0,"comment_status":"closed","ping_status":"closed","template":"elementor_header_footer","meta":{"footnotes":""},"class_list":["post-316","page","type-page","status-publish","hentry"],"_links":{"self":[{"href":"https:\/\/embrevenoar.com.br\/ppg\/wp-json\/wp\/v2\/pages\/316","targetHints":{"allow":["GET"]}}],"collection":[{"href":"https:\/\/embrevenoar.com.br\/ppg\/wp-json\/wp\/v2\/pages"}],"about":[{"href":"https:\/\/embrevenoar.com.br\/ppg\/wp-json\/wp\/v2\/types\/page"}],"author":[{"embeddable":true,"href":"https:\/\/embrevenoar.com.br\/ppg\/wp-json\/wp\/v2\/users\/1"}],"replies":[{"embeddable":true,"href":"https:\/\/embrevenoar.com.br\/ppg\/wp-json\/wp\/v2\/comments?post=316"}],"version-history":[{"count":22,"href":"https:\/\/embrevenoar.com.br\/ppg\/wp-json\/wp\/v2\/pages\/316\/revisions"}],"predecessor-version":[{"id":382,"href":"https:\/\/embrevenoar.com.br\/ppg\/wp-json\/wp\/v2\/pages\/316\/revisions\/382"}],"wp:attachment":[{"href":"https:\/\/embrevenoar.com.br\/ppg\/wp-json\/wp\/v2\/media?parent=316"}],"curies":[{"name":"wp","href":"https:\/\/api.w.org\/{rel}","templated":true}]}}